{"id":6277,"date":"2024-09-26T10:22:44","date_gmt":"2024-09-26T08:22:44","guid":{"rendered":"https:\/\/www.marmouzic.org\/index.php\/events\/cine-concert-en-marge-de-goemons-christofer-bjurstrom-saint-renan-29\/"},"modified":"2024-11-14T09:47:51","modified_gmt":"2024-11-14T08:47:51","slug":"cine-concert-en-marge-de-goemons-christofer-bjurstrom-saint-renan-29","status":"publish","type":"mec-events","link":"https:\/\/www.marmouzic.org\/index.php\/events\/cine-concert-en-marge-de-goemons-christofer-bjurstrom-saint-renan-29\/","title":{"rendered":"Cin\u00e9-Concert \u00ab\u00a0En Marge de Go\u00e9mons\u00a0\u00bb \/ Christofer Bjurstr\u00f6m \/ Saint-Renan (29)"},"content":{"rendered":"<p>Cin\u00e9-Concert \u00ab\u00a0En Marge de Go\u00e9mons\u00a0\u00bb<br \/>\n\u00e0 partir des images tourn\u00e9es par Yannick Bellon en 1946<br \/>\nMontage du film: Eric Le Roy<br \/>\nmusique de Christofer Bjurstr\u00f6m, Julien Pontvianne et Vincent Raude<\/p>\n<p>Une immersion dans le monde des go\u00e9moniers, sur l&rsquo;\u00eele B\u00e9niguet, juste apr\u00e8s la seconde guerre mondiale. Un voyage \u00e0 travers les images tourn\u00e9es en 1946 par Yannick Bellon pour la r\u00e9alisation de son documentaire \u00ab\u00a0Go\u00e9mons\u00a0\u00bb permet de d\u00e9couvrir l&rsquo;univers de l&rsquo;\u00eele et la dure vie des go\u00e9moniers.<\/p>\n<p>La musique de Christofer Bjurstr\u00f6m, Julien Pontvianne et Vincent Raude m\u00eale aux sons naturels enregistr\u00e9s sur les \u00eeles et musicalis\u00e9s par Vincent Raude, le souffle et les m\u00e9lodies compos\u00e9es par Christofer Bjurstr\u00f6m et par Julien Pontvianne, jou\u00e9es par Christofer aux fl\u00fbtes et au piano et par Julien au saxophone et \u00e0 la clarinette.<\/p>\n","protected":false},"excerpt":{"rendered":"<p>Cin\u00e9-Concert \u00ab\u00a0En Marge de Go\u00e9mons\u00a0\u00bb \u00e0 partir des images tourn\u00e9es par Yannick Bellon en 1946 Montage du film: Eric Le Roy musique de Christofer Bjurstr\u00f6m, Julien Pontvianne et Vincent Raude Une immersion dans le monde des go\u00e9moniers, sur l&rsquo;\u00eele B\u00e9niguet, juste apr\u00e8s la seconde guerre mondiale. Un voyage \u00e0 travers les images tourn\u00e9es en 1946&hellip;&nbsp;<a href=\"https:\/\/www.marmouzic.org\/index.php\/events\/cine-concert-en-marge-de-goemons-christofer-bjurstrom-saint-renan-29\/\" rel=\"bookmark\">Lire la suite &raquo;<span class=\"screen-reader-text\">Cin\u00e9-Concert \u00ab\u00a0En Marge de Go\u00e9mons\u00a0\u00bb \/ Christofer Bjurstr\u00f6m \/ Saint-Renan (29)<\/span><\/a><\/p>\n","protected":false},"author":1,"featured_media":6278,"comment_status":"closed","ping_status":"closed","template":"","tags":[],"mec_category":[81,82],"class_list":["post-6277","mec-events","type-mec-events","status-publish","has-post-thumbnail","hentry","mec_category-christofer-bjurstrom","mec_category-cine-concert"],"_links":{"self":[{"href":"https:\/\/www.marmouzic.org\/index.php\/wp-json\/wp\/v2\/mec-events\/6277","targetHints":{"allow":["GET"]}}],"collection":[{"href":"https:\/\/www.marmouzic.org\/index.php\/wp-json\/wp\/v2\/mec-events"}],"about":[{"href":"https:\/\/www.marmouzic.org\/index.php\/wp-json\/wp\/v2\/types\/mec-events"}],"author":[{"embeddable":true,"href":"https:\/\/www.marmouzic.org\/index.php\/wp-json\/wp\/v2\/users\/1"}],"replies":[{"embeddable":true,"href":"https:\/\/www.marmouzic.org\/index.php\/wp-json\/wp\/v2\/comments?post=6277"}],"wp:featuredmedia":[{"embeddable":true,"href":"https:\/\/www.marmouzic.org\/index.php\/wp-json\/wp\/v2\/media\/6278"}],"wp:attachment":[{"href":"https:\/\/www.marmouzic.org\/index.php\/wp-json\/wp\/v2\/media?parent=6277"}],"wp:term":[{"taxonomy":"post_tag","embeddable":true,"href":"https:\/\/www.marmouzic.org\/index.php\/wp-json\/wp\/v2\/tags?post=6277"},{"taxonomy":"mec_category","embeddable":true,"href":"https:\/\/www.marmouzic.org\/index.php\/wp-json\/wp\/v2\/mec_category?post=6277"}],"curies":[{"name":"wp","href":"https:\/\/api.w.org\/{rel}","templated":true}]}}