{"id":10,"date":"2019-12-13T17:33:12","date_gmt":"2019-12-13T16:33:12","guid":{"rendered":"http:\/\/www.marmouzic.org\/wwz\/?page_id=10"},"modified":"2025-10-30T16:38:29","modified_gmt":"2025-10-30T15:38:29","slug":"les-spectacles-de-la-compagnie-marmouzic","status":"publish","type":"page","link":"https:\/\/www.marmouzic.org\/index.php\/les-spectacles-de-la-compagnie-marmouzic\/","title":{"rendered":"Les Spectacles de la Compagnie Marmouzic"},"content":{"rendered":"\n<p><mark style=\"background-color:rgba(0, 0, 0, 0)\" class=\"has-inline-color has-black-color\">La Compagnie Marmouzic propose des spectacles tout public, de 2 \u00e0 99 ans.<\/mark><strong><mark style=\"background-color:rgba(0, 0, 0, 0)\" class=\"has-inline-color has-black-color\"><\/mark><\/strong><\/p>\n\n\n\n<p style=\"font-size:23px\"><mark style=\"background-color:rgba(0, 0, 0, 0);color:#f4041c\" class=\"has-inline-color\">\u2192 <strong>La Cr\u00e9ation 2021\/2022:<\/strong><\/mark><\/p>\n\n\n<div class=\"wp-block-image\">\n<figure class=\"aligncenter size-large is-resized\"><a href=\"https:\/\/www.marmouzic.org\/index.php\/lemysterebigoulet\/\"><img loading=\"lazy\" decoding=\"async\" width=\"1024\" height=\"807\" src=\"https:\/\/www.marmouzic.org\/wp-content\/uploads\/2020\/11\/Kerdraon-NB-et-Couleur-recadree-1024x807.jpg\" alt=\"\" class=\"wp-image-1570\" style=\"width:252px;height:198px\" srcset=\"https:\/\/www.marmouzic.org\/wp-content\/uploads\/2020\/11\/Kerdraon-NB-et-Couleur-recadree-1024x807.jpg 1024w, https:\/\/www.marmouzic.org\/wp-content\/uploads\/2020\/11\/Kerdraon-NB-et-Couleur-recadree-300x236.jpg 300w, https:\/\/www.marmouzic.org\/wp-content\/uploads\/2020\/11\/Kerdraon-NB-et-Couleur-recadree-768x605.jpg 768w, https:\/\/www.marmouzic.org\/wp-content\/uploads\/2020\/11\/Kerdraon-NB-et-Couleur-recadree-1536x1211.jpg 1536w, https:\/\/www.marmouzic.org\/wp-content\/uploads\/2020\/11\/Kerdraon-NB-et-Couleur-recadree-2048x1614.jpg 2048w\" sizes=\"auto, (max-width: 1024px) 100vw, 1024px\" \/><\/a><figcaption class=\"wp-element-caption\"><mark style=\"background-color:rgba(0, 0, 0, 0);color:#f40525\" class=\"has-inline-color\"><strong>Le Myst\u00e8re Bigoulet<\/strong><\/mark><\/figcaption><\/figure>\n<\/div>\n\n\n<p class=\"has-text-color\" style=\"color:#a30120;font-size:23px;line-height:1.5\"><strong>\u2192 Ceux qui m\u00ealent musique, th\u00e9\u00e2tre et cin\u00e9ma avec<\/strong>:<\/p>\n\n\n\n<div class=\"wp-block-columns is-layout-flex wp-container-core-columns-is-layout-9d6595d7 wp-block-columns-is-layout-flex\">\n<div class=\"wp-block-column is-layout-flow wp-block-column-is-layout-flow\"><div class=\"wp-block-image\">\n<figure class=\"aligncenter is-resized\"><a href=\"https:\/\/www.marmouzic.org\/index.php\/livre-concert-le-voyage-dhipollene\/\"><img loading=\"lazy\" decoding=\"async\" width=\"1024\" height=\"609\" src=\"https:\/\/www.marmouzic.org\/wp-content\/uploads\/2020\/05\/Hipoll\u00e8ne-Marmouzic-2-scaled-e1590740905643-1024x609.jpg\" alt=\"\" class=\"wp-image-731\" style=\"width:256px;height:152px\" srcset=\"https:\/\/www.marmouzic.org\/wp-content\/uploads\/2020\/05\/Hipoll\u00e8ne-Marmouzic-2-scaled-e1590740905643-1024x609.jpg 1024w, https:\/\/www.marmouzic.org\/wp-content\/uploads\/2020\/05\/Hipoll\u00e8ne-Marmouzic-2-scaled-e1590740905643-300x178.jpg 300w, https:\/\/www.marmouzic.org\/wp-content\/uploads\/2020\/05\/Hipoll\u00e8ne-Marmouzic-2-scaled-e1590740905643-768x457.jpg 768w, https:\/\/www.marmouzic.org\/wp-content\/uploads\/2020\/05\/Hipoll\u00e8ne-Marmouzic-2-scaled-e1590740905643-1536x914.jpg 1536w, https:\/\/www.marmouzic.org\/wp-content\/uploads\/2020\/05\/Hipoll\u00e8ne-Marmouzic-2-scaled-e1590740905643-2048x1218.jpg 2048w\" sizes=\"auto, (max-width: 1024px) 100vw, 1024px\" \/><\/a><figcaption class=\"wp-element-caption\"><strong><span style=\"color:#830610\" class=\"has-inline-color\">Le Voyage d&rsquo; Hipoll\u00e8ne<\/span><\/strong><\/figcaption><\/figure>\n<\/div><\/div>\n\n\n\n<div class=\"wp-block-column is-layout-flow wp-block-column-is-layout-flow\"><div class=\"wp-block-image\">\n<figure class=\"aligncenter is-resized\"><a href=\"https:\/\/www.marmouzic.org\/index.php\/okalik-le-grand-chasseur-inuit\/\"><img loading=\"lazy\" decoding=\"async\" width=\"1024\" height=\"576\" src=\"https:\/\/www.marmouzic.org\/wp-content\/uploads\/2020\/05\/OKALIK-\u00a9S\u00e9bastienDurand-16-9-1280-1024x576.jpg\" alt=\"\" class=\"wp-image-943\" style=\"width:256px;height:144px\" srcset=\"https:\/\/www.marmouzic.org\/wp-content\/uploads\/2020\/05\/OKALIK-\u00a9S\u00e9bastienDurand-16-9-1280-1024x576.jpg 1024w, https:\/\/www.marmouzic.org\/wp-content\/uploads\/2020\/05\/OKALIK-\u00a9S\u00e9bastienDurand-16-9-1280-300x169.jpg 300w, https:\/\/www.marmouzic.org\/wp-content\/uploads\/2020\/05\/OKALIK-\u00a9S\u00e9bastienDurand-16-9-1280-768x432.jpg 768w, https:\/\/www.marmouzic.org\/wp-content\/uploads\/2020\/05\/OKALIK-\u00a9S\u00e9bastienDurand-16-9-1280.jpg 1280w\" sizes=\"auto, (max-width: 1024px) 100vw, 1024px\" \/><\/a><figcaption class=\"wp-element-caption\"><strong><span style=\"color:#830610\" class=\"has-inline-color\">Okalik, le grand chasseur inuit<\/span><\/strong><\/figcaption><\/figure>\n<\/div><\/div>\n\n\n\n<div class=\"wp-block-column is-layout-flow wp-block-column-is-layout-flow\"><div class=\"wp-block-image\">\n<figure class=\"aligncenter is-resized\"><a href=\"https:\/\/www.marmouzic.org\/index.php\/cine-concert-inuit-pour-petites-chouettes\/\"><img loading=\"lazy\" decoding=\"async\" width=\"1024\" height=\"576\" src=\"https:\/\/www.marmouzic.org\/wp-content\/uploads\/2020\/10\/CCInuit-Vignette-16-9-1024x576.jpg\" alt=\"\" class=\"wp-image-1475\" style=\"width:256px;height:144px\" srcset=\"https:\/\/www.marmouzic.org\/wp-content\/uploads\/2020\/10\/CCInuit-Vignette-16-9-1024x576.jpg 1024w, https:\/\/www.marmouzic.org\/wp-content\/uploads\/2020\/10\/CCInuit-Vignette-16-9-300x169.jpg 300w, https:\/\/www.marmouzic.org\/wp-content\/uploads\/2020\/10\/CCInuit-Vignette-16-9-768x432.jpg 768w, https:\/\/www.marmouzic.org\/wp-content\/uploads\/2020\/10\/CCInuit-Vignette-16-9.jpg 1280w\" sizes=\"auto, (max-width: 1024px) 100vw, 1024px\" \/><\/a><figcaption class=\"wp-element-caption\"><strong><span style=\"color:#830610\" class=\"has-inline-color\">Cin\u00e9-Concert inuit, pour petites chouettes<\/span><\/strong><\/figcaption><\/figure>\n<\/div><\/div>\n<\/div>\n\n\n\n<div class=\"wp-block-columns is-layout-flex wp-container-core-columns-is-layout-9d6595d7 wp-block-columns-is-layout-flex\">\n<div class=\"wp-block-column is-layout-flow wp-block-column-is-layout-flow\"><div class=\"wp-block-image\">\n<figure class=\"aligncenter is-resized\"><a href=\"https:\/\/www.marmouzic.org\/index.php\/tire-la-bobinette-et-le-cinema-muet\/\"><img loading=\"lazy\" decoding=\"async\" width=\"1024\" height=\"576\" src=\"https:\/\/www.marmouzic.org\/wp-content\/uploads\/2020\/05\/Bobinette-Vignette-16-9-1024x576.jpg\" alt=\"\" class=\"wp-image-1007\" style=\"width:256px;height:144px\" srcset=\"https:\/\/www.marmouzic.org\/wp-content\/uploads\/2020\/05\/Bobinette-Vignette-16-9-1024x576.jpg 1024w, https:\/\/www.marmouzic.org\/wp-content\/uploads\/2020\/05\/Bobinette-Vignette-16-9-300x169.jpg 300w, https:\/\/www.marmouzic.org\/wp-content\/uploads\/2020\/05\/Bobinette-Vignette-16-9-768x432.jpg 768w, https:\/\/www.marmouzic.org\/wp-content\/uploads\/2020\/05\/Bobinette-Vignette-16-9.jpg 1280w\" sizes=\"auto, (max-width: 1024px) 100vw, 1024px\" \/><\/a><figcaption class=\"wp-element-caption\"><strong><span style=\"color:#830610\" class=\"has-inline-color\">Tire la bobinette et le cin\u00e9ma muet<\/span><\/strong><\/figcaption><\/figure>\n<\/div><\/div>\n\n\n\n<div class=\"wp-block-column is-vertically-aligned-top is-layout-flow wp-block-column-is-layout-flow\"><div class=\"wp-block-image\">\n<figure class=\"aligncenter is-resized\"><a href=\"https:\/\/www.marmouzic.org\/index.php\/le-voleur-et-la-princesse\/\"><img loading=\"lazy\" decoding=\"async\" width=\"1024\" height=\"576\" src=\"https:\/\/www.marmouzic.org\/wp-content\/uploads\/2020\/05\/Voleur-et-Princesse-Vignette-16-9-1024x576.jpg\" alt=\"\" class=\"wp-image-1005\" style=\"width:256px;height:144px\" srcset=\"https:\/\/www.marmouzic.org\/wp-content\/uploads\/2020\/05\/Voleur-et-Princesse-Vignette-16-9-1024x576.jpg 1024w, https:\/\/www.marmouzic.org\/wp-content\/uploads\/2020\/05\/Voleur-et-Princesse-Vignette-16-9-300x169.jpg 300w, https:\/\/www.marmouzic.org\/wp-content\/uploads\/2020\/05\/Voleur-et-Princesse-Vignette-16-9-768x432.jpg 768w, https:\/\/www.marmouzic.org\/wp-content\/uploads\/2020\/05\/Voleur-et-Princesse-Vignette-16-9.jpg 1280w\" sizes=\"auto, (max-width: 1024px) 100vw, 1024px\" \/><\/a><figcaption class=\"wp-element-caption\"><strong><span style=\"color:#830610\" class=\"has-inline-color\">Le Voleur et la princesse<\/span><\/strong><\/figcaption><\/figure>\n<\/div><\/div>\n\n\n\n<div class=\"wp-block-column is-layout-flow wp-block-column-is-layout-flow\"><div class=\"wp-block-image\">\n<figure class=\"aligncenter size-large is-resized\"><a href=\"https:\/\/www.marmouzic.org\/index.php\/voyage-dans-le-grand-nord\/\"><img loading=\"lazy\" decoding=\"async\" width=\"700\" height=\"384\" src=\"https:\/\/www.marmouzic.org\/wp-content\/uploads\/2020\/11\/Mer-de-glace-devant-glacier-petite-recadree.jpg\" alt=\"\" class=\"wp-image-2099\" style=\"width:253px;height:139px\" srcset=\"https:\/\/www.marmouzic.org\/wp-content\/uploads\/2020\/11\/Mer-de-glace-devant-glacier-petite-recadree.jpg 700w, https:\/\/www.marmouzic.org\/wp-content\/uploads\/2020\/11\/Mer-de-glace-devant-glacier-petite-recadree-300x165.jpg 300w\" sizes=\"auto, (max-width: 700px) 100vw, 700px\" \/><\/a><figcaption class=\"wp-element-caption\"><mark style=\"background-color:rgba(0, 0, 0, 0);color:#830610\" class=\"has-inline-color\"><strong>Voyage dans le Grand No<\/strong>rd<\/mark><\/figcaption><\/figure>\n<\/div><\/div>\n<\/div>\n\n\n\n<p style=\"font-size:23px;line-height:1.5\"><mark style=\"background-color:rgba(0, 0, 0, 0);color:#ed1d0a\" class=\"has-inline-color\">\u2192 L<strong>es spectacles de S\u00e9raphine la clowne<\/strong><\/mark><\/p>\n\n\n\n<div class=\"wp-block-columns is-layout-flex wp-container-core-columns-is-layout-9d6595d7 wp-block-columns-is-layout-flex\">\n<div class=\"wp-block-column is-layout-flow wp-block-column-is-layout-flow\"><div class=\"wp-block-image\">\n<figure class=\"aligncenter size-large is-resized\"><a href=\"https:\/\/www.marmouzic.org\/index.php\/seraphine-et-le-loup-enrhume\/\"><img loading=\"lazy\" decoding=\"async\" width=\"768\" height=\"1024\" src=\"https:\/\/www.marmouzic.org\/wp-content\/uploads\/2020\/06\/S\u00e9raphine-Rue-1024.jpg\" alt=\"\" class=\"wp-image-1056\" style=\"width:175px;height:233px\" srcset=\"https:\/\/www.marmouzic.org\/wp-content\/uploads\/2020\/06\/S\u00e9raphine-Rue-1024.jpg 768w, https:\/\/www.marmouzic.org\/wp-content\/uploads\/2020\/06\/S\u00e9raphine-Rue-1024-225x300.jpg 225w, https:\/\/www.marmouzic.org\/wp-content\/uploads\/2020\/06\/S\u00e9raphine-Rue-1024-300x400.jpg 300w\" sizes=\"auto, (max-width: 768px) 100vw, 768px\" \/><\/a><figcaption class=\"wp-element-caption\"><strong><span style=\"color:#ed1d0a\" class=\"has-inline-color\">S\u00e9raphine et le loup enrhum\u00e9<\/span><\/strong><\/figcaption><\/figure>\n<\/div><\/div>\n\n\n\n<div class=\"wp-block-column is-layout-flow wp-block-column-is-layout-flow\"><div class=\"wp-block-image\">\n<figure class=\"aligncenter is-resized\"><a href=\"https:\/\/www.marmouzic.org\/index.php\/seraphine-et-nana-simone\/\"><img loading=\"lazy\" decoding=\"async\" width=\"1024\" height=\"576\" src=\"https:\/\/www.marmouzic.org\/wp-content\/uploads\/2020\/05\/CineClown-Vignette-16-9.jpg\" alt=\"\" class=\"wp-image-1015\" style=\"width:256px;height:144px\" srcset=\"https:\/\/www.marmouzic.org\/wp-content\/uploads\/2020\/05\/CineClown-Vignette-16-9.jpg 1024w, https:\/\/www.marmouzic.org\/wp-content\/uploads\/2020\/05\/CineClown-Vignette-16-9-300x169.jpg 300w, https:\/\/www.marmouzic.org\/wp-content\/uploads\/2020\/05\/CineClown-Vignette-16-9-768x432.jpg 768w\" sizes=\"auto, (max-width: 1024px) 100vw, 1024px\" \/><\/a><figcaption class=\"wp-element-caption\"><strong><span style=\"color:#ed1d0a\" class=\"has-inline-color\">S\u00e9raphine et Nana Simone font leur cin\u00e9ma<\/span><\/strong><\/figcaption><\/figure>\n<\/div><\/div>\n\n\n\n<div class=\"wp-block-column is-layout-flow wp-block-column-is-layout-flow\"><\/div>\n<\/div>\n\n\n\n<p style=\"font-size:23px;line-height:1.5\"><mark style=\"background-color:rgba(0, 0, 0, 0);color:#125ae0\" class=\"has-inline-color\">\u2192<\/mark><strong><strong><mark style=\"background-color:rgba(0, 0, 0, 0);color:#25610d\" class=\"has-inline-color\"> <\/mark><\/strong><\/strong><strong><strong><mark style=\"background-color:rgba(0, 0, 0, 0);color:#25610d\" class=\"has-inline-color\">Les Contes pour enfants de Catherine Le Flochmoan<\/mark><\/strong><\/strong><\/p>\n\n\n\n<div class=\"wp-block-columns is-layout-flex wp-container-core-columns-is-layout-9d6595d7 wp-block-columns-is-layout-flex\">\n<div class=\"wp-block-column is-layout-flow wp-block-column-is-layout-flow\"><div class=\"wp-block-image\">\n<figure class=\"aligncenter\"><a href=\"https:\/\/www.marmouzic.org\/index.php\/le-jour-ou-maja-devint-une-etoile\/\"><img loading=\"lazy\" decoding=\"async\" width=\"1024\" height=\"576\" src=\"https:\/\/www.marmouzic.org\/wp-content\/uploads\/2020\/05\/Maja-Vignette-16-9-1024x576.jpg\" alt=\"\" class=\"wp-image-1009\" srcset=\"https:\/\/www.marmouzic.org\/wp-content\/uploads\/2020\/05\/Maja-Vignette-16-9-1024x576.jpg 1024w, https:\/\/www.marmouzic.org\/wp-content\/uploads\/2020\/05\/Maja-Vignette-16-9-300x169.jpg 300w, https:\/\/www.marmouzic.org\/wp-content\/uploads\/2020\/05\/Maja-Vignette-16-9-768x432.jpg 768w, https:\/\/www.marmouzic.org\/wp-content\/uploads\/2020\/05\/Maja-Vignette-16-9.jpg 1280w\" sizes=\"auto, (max-width: 1024px) 100vw, 1024px\" \/><\/a><figcaption class=\"wp-element-caption\"><mark style=\"background-color:rgba(0, 0, 0, 0);color:#25610d\" class=\"has-inline-color\"><strong>Le jour Maja devint une \u00e9toile <\/strong><br><strong>et autres contes nordiques<\/strong><\/mark><\/figcaption><\/figure>\n<\/div><\/div>\n\n\n\n<div class=\"wp-block-column is-layout-flow wp-block-column-is-layout-flow\"><div class=\"wp-block-image\">\n<figure class=\"aligncenter size-large is-resized\"><a href=\"https:\/\/www.marmouzic.org\/index.php\/contes-inuit-pour-tout-petits\/\"><img loading=\"lazy\" decoding=\"async\" width=\"1024\" height=\"768\" src=\"https:\/\/www.marmouzic.org\/wp-content\/uploads\/2020\/11\/chouette-marionnette-1024x768.jpg\" alt=\"\" class=\"wp-image-1875\" style=\"width:226px;height:166px\" srcset=\"https:\/\/www.marmouzic.org\/wp-content\/uploads\/2020\/11\/chouette-marionnette-1024x768.jpg 1024w, https:\/\/www.marmouzic.org\/wp-content\/uploads\/2020\/11\/chouette-marionnette-300x225.jpg 300w, https:\/\/www.marmouzic.org\/wp-content\/uploads\/2020\/11\/chouette-marionnette-768x576.jpg 768w, https:\/\/www.marmouzic.org\/wp-content\/uploads\/2020\/11\/chouette-marionnette-1536x1152.jpg 1536w, https:\/\/www.marmouzic.org\/wp-content\/uploads\/2020\/11\/chouette-marionnette.jpg 2000w\" sizes=\"auto, (max-width: 1024px) 100vw, 1024px\" \/><\/a><figcaption class=\"wp-element-caption\"><strong><span style=\"color:#25610d\" class=\"has-inline-color\">Contes inuit pour tout-petits<\/span><\/strong><\/figcaption><\/figure>\n<\/div><\/div>\n\n\n\n<div class=\"wp-block-column is-layout-flow wp-block-column-is-layout-flow\"><div class=\"wp-block-image\">\n<figure class=\"aligncenter size-large is-resized\"><a href=\"https:\/\/www.marmouzic.org\/index.php\/le-mystere-de-la-femme-phoque\/\"><img loading=\"lazy\" decoding=\"async\" width=\"614\" height=\"459\" src=\"https:\/\/www.marmouzic.org\/wp-content\/uploads\/2020\/11\/femme-phoque-petite-tous-les-spectacles.jpg\" alt=\"\" class=\"wp-image-2107\" style=\"width:222px;height:179px\" srcset=\"https:\/\/www.marmouzic.org\/wp-content\/uploads\/2020\/11\/femme-phoque-petite-tous-les-spectacles.jpg 614w, https:\/\/www.marmouzic.org\/wp-content\/uploads\/2020\/11\/femme-phoque-petite-tous-les-spectacles-300x224.jpg 300w\" sizes=\"auto, (max-width: 614px) 100vw, 614px\" \/><\/a><figcaption class=\"wp-element-caption\"><strong><span style=\"color:#25610d\" class=\"has-inline-color\">Le myst\u00e8re de la femme-phoque<br> et autres contes inuit<\/span><\/strong><\/figcaption><\/figure>\n<\/div><\/div>\n<\/div>\n\n\n\n<figure class=\"wp-block-image size-large is-resized\"><a href=\"https:\/\/www.marmouzic.org\/index.php\/contes-bretons\/\"><img loading=\"lazy\" decoding=\"async\" width=\"1024\" height=\"681\" src=\"https:\/\/www.marmouzic.org\/wp-content\/uploads\/2025\/10\/Cath-Jerome-conte-2-1024x681.jpg\" alt=\"Contes Bretons \" class=\"wp-image-9390\" style=\"width:274px;height:auto\" srcset=\"https:\/\/www.marmouzic.org\/wp-content\/uploads\/2025\/10\/Cath-Jerome-conte-2-1024x681.jpg 1024w, https:\/\/www.marmouzic.org\/wp-content\/uploads\/2025\/10\/Cath-Jerome-conte-2-300x200.jpg 300w, https:\/\/www.marmouzic.org\/wp-content\/uploads\/2025\/10\/Cath-Jerome-conte-2-768x511.jpg 768w, https:\/\/www.marmouzic.org\/wp-content\/uploads\/2025\/10\/Cath-Jerome-conte-2-391x260.jpg 391w, https:\/\/www.marmouzic.org\/wp-content\/uploads\/2025\/10\/Cath-Jerome-conte-2-1536x1022.jpg 1536w, https:\/\/www.marmouzic.org\/wp-content\/uploads\/2025\/10\/Cath-Jerome-conte-2-2048x1363.jpg 2048w, https:\/\/www.marmouzic.org\/wp-content\/uploads\/2025\/10\/Cath-Jerome-conte-2-600x400.jpg 600w, https:\/\/www.marmouzic.org\/wp-content\/uploads\/2025\/10\/Cath-Jerome-conte-2-272x182.jpg 272w\" sizes=\"auto, (max-width: 1024px) 100vw, 1024px\" \/><\/a><figcaption class=\"wp-element-caption\"><strong>Contes Bretons en musique<\/strong><\/figcaption><\/figure>\n\n\n\n<p class=\"has-text-align-center has-medium-font-size\"><\/p>\n\n\n\n<p><\/p>\n\n\n\n<p style=\"font-size:21px\">\u2192<span style=\"color:#25610d\" class=\"has-inline-color\"><strong>Un Cin\u00e9-Concert-Cont\u00e9 pour les plus grands: Le Temps des fileuses  <\/strong><\/span><\/p>\n\n\n<div class=\"wp-block-image\">\n<figure class=\"aligncenter size-full is-resized\"><a href=\"https:\/\/www.marmouzic.org\/index.php\/le-temps-des-fileuses-creation-2019\/\"><img loading=\"lazy\" decoding=\"async\" width=\"600\" height=\"426\" src=\"https:\/\/www.marmouzic.org\/wp-content\/uploads\/2025\/10\/avec-Jerome-souriant.jpg\" alt=\"\" class=\"wp-image-9361\" style=\"aspect-ratio:1.7868020304568528;width:306px;height:auto\" srcset=\"https:\/\/www.marmouzic.org\/wp-content\/uploads\/2025\/10\/avec-Jerome-souriant.jpg 600w, https:\/\/www.marmouzic.org\/wp-content\/uploads\/2025\/10\/avec-Jerome-souriant-300x213.jpg 300w\" sizes=\"auto, (max-width: 600px) 100vw, 600px\" \/><\/a><figcaption class=\"wp-element-caption\"><strong><span style=\"color:#25610d\" class=\"has-inline-color\">Le temps des fileuses<\/span><\/strong><\/figcaption><\/figure>\n<\/div>\n\n\n<p style=\"font-size:23px\"><mark style=\"background-color:rgba(0, 0, 0, 0);color:#ca12de\" class=\"has-inline-color\">\u2192 <strong><strong>Les Cin\u00e9-Concerts de Christofer Bjurstr\u00f6m<\/strong><\/strong><\/mark><\/p>\n\n\n<div class=\"wp-block-image\">\n<figure class=\"aligncenter is-resized\"><a href=\"https:\/\/www.marmouzic.org\/index.php\/les-cine-concerts-pour-enfants-de-christofer-bjurstrom\/\"><img loading=\"lazy\" decoding=\"async\" width=\"1024\" height=\"576\" src=\"https:\/\/www.marmouzic.org\/wp-content\/uploads\/2020\/05\/Cine-Concert-Vignette-16-9.jpg\" alt=\"\" class=\"wp-image-1020\" style=\"width:316px;height:178px\" srcset=\"https:\/\/www.marmouzic.org\/wp-content\/uploads\/2020\/05\/Cine-Concert-Vignette-16-9.jpg 1024w, https:\/\/www.marmouzic.org\/wp-content\/uploads\/2020\/05\/Cine-Concert-Vignette-16-9-300x169.jpg 300w, https:\/\/www.marmouzic.org\/wp-content\/uploads\/2020\/05\/Cine-Concert-Vignette-16-9-768x432.jpg 768w\" sizes=\"auto, (max-width: 1024px) 100vw, 1024px\" \/><\/a><figcaption class=\"wp-element-caption\"><strong><span style=\"color:#c206b2\" class=\"has-inline-color\">Des Cin\u00e9-Concerts pour petits et grands<\/span><\/strong><span style=\"color:#a30096\" class=\"has-inline-color\"><\/span><\/figcaption><\/figure>\n<\/div>\n\n<div\n\t\t\t\n\t\t\tclass=\"so-widget-sow-button so-widget-sow-button-wire-c125f315acd5\"\n\t\t\t\n\t\t><div class=\"ow-button-base ow-button-align-center\"\n>\n\t\t\t<a\n\t\t\t\t\thref=\"https:\/\/www.marmouzic.org\/index.php\/les-spectacles-de-la-compagnie-marmouzic\/\"\n\t\t\t\t\tclass=\"sowb-button ow-icon-placement-top ow-button-hover\" \t>\n\t\t<span>\n\t\t\t<span class=\"sow-icon-ionicons\" data-sow-icon=\"&#xf398;\"\n\t\tstyle=\"color: #000000\" \n\t\taria-hidden=\"true\"><\/span>\n\t\t\tHaut de page\t\t<\/span>\n\t\t\t<\/a>\n\t<\/div>\n<\/div>\t\t\t\t<style>.so-widget-sow-button-wire-c125f315acd5 .ow-button-base {\n  zoom: 1;\n}\n.so-widget-sow-button-wire-c125f315acd5 .ow-button-base:before {\n  content: '';\n  display: block;\n}\n.so-widget-sow-button-wire-c125f315acd5 .ow-button-base:after {\n  content: '';\n  display: table;\n  clear: both;\n}\n@media (max-width: 780px) {\n  .so-widget-sow-button-wire-c125f315acd5 .ow-button-base.ow-button-align-center {\n    text-align: center;\n  }\n  .so-widget-sow-button-wire-c125f315acd5 .ow-button-base.ow-button-align-center.ow-button-align-justify .sowb-button {\n    display: inline-block;\n  }\n}\n.so-widget-sow-button-wire-c125f315acd5 .ow-button-base .sowb-button {\n  -ms-box-sizing: border-box;\n  -moz-box-sizing: border-box;\n  -webkit-box-sizing: border-box;\n  box-sizing: border-box;\n  -webkit-border-radius: 0.25px;\n  -moz-border-radius: 0.25px;\n  border-radius: 0.25px;\n  background: transparent;\n  border: 2px solid #dd5b5b;\n  color: #dd5b5b !important;\n  font-size: 1.45em;\n  \n  padding: 0.5em;\n  text-shadow: 0 1px 0 rgba(0, 0, 0, 0.05);\n  padding-inline: 1em;\n}\n.so-widget-sow-button-wire-c125f315acd5 .ow-button-base .sowb-button > span {\n  display: flex;\n  justify-content: center;\n}\n.so-widget-sow-button-wire-c125f315acd5 .ow-button-base .sowb-button > span [class^=\"sow-icon-\"] {\n  font-size: 1.3em;\n}\n.so-widget-sow-button-wire-c125f315acd5 .ow-button-base .sowb-button.ow-icon-placement-top > span {\n  flex-direction: column;\n}\n.so-widget-sow-button-wire-c125f315acd5 .ow-button-base .sowb-button.ow-icon-placement-right > span {\n  flex-direction: row-reverse;\n}\n.so-widget-sow-button-wire-c125f315acd5 .ow-button-base .sowb-button.ow-icon-placement-bottom > span {\n  flex-direction: column-reverse;\n}\n.so-widget-sow-button-wire-c125f315acd5 .ow-button-base .sowb-button.ow-icon-placement-left > span {\n  align-items: start;\n}\n.so-widget-sow-button-wire-c125f315acd5 .ow-button-base .sowb-button.ow-button-hover:active,\n.so-widget-sow-button-wire-c125f315acd5 .ow-button-base .sowb-button.ow-button-hover:hover {\n  background: #dd5b5b;\n  border-color: #dd5b5b;\n  color: #ffffff !important;\n}<\/style>\n\t\t\t\t","protected":false},"excerpt":{"rendered":"<p>La Compagnie Marmouzic propose des spectacles tout public, de 2 \u00e0 99 ans. \u2192 La Cr\u00e9ation 2021\/2022: \u2192 Ceux qui m\u00ealent musique, th\u00e9\u00e2tre et cin\u00e9ma avec: \u2192 Les spectacles de S\u00e9raphine la clowne \u2192 Les Contes pour enfants de Catherine Le Flochmoan \u2192Un Cin\u00e9-Concert-Cont\u00e9 pour les plus grands: Le Temps des fileuses \u2192 Les Cin\u00e9-Concerts&hellip;&nbsp;<a href=\"https:\/\/www.marmouzic.org\/index.php\/les-spectacles-de-la-compagnie-marmouzic\/\" rel=\"bookmark\">Lire la suite &raquo;<span class=\"screen-reader-text\">Les Spectacles de la Compagnie Marmouzic<\/span><\/a><\/p>\n","protected":false},"author":1,"featured_media":0,"parent":0,"menu_order":0,"comment_status":"closed","ping_status":"open","template":"","meta":{"neve_meta_sidebar":"right","neve_meta_container":"","neve_meta_enable_content_width":"on","neve_meta_content_width":70,"neve_meta_title_alignment":"","neve_meta_author_avatar":"","neve_post_elements_order":"","neve_meta_disable_header":"","neve_meta_disable_footer":"","neve_meta_disable_title":"","footnotes":""},"class_list":["post-10","page","type-page","status-publish","hentry"],"featured_image_src":null,"featured_image_src_square":null,"_links":{"self":[{"href":"https:\/\/www.marmouzic.org\/index.php\/wp-json\/wp\/v2\/pages\/10","targetHints":{"allow":["GET"]}}],"collection":[{"href":"https:\/\/www.marmouzic.org\/index.php\/wp-json\/wp\/v2\/pages"}],"about":[{"href":"https:\/\/www.marmouzic.org\/index.php\/wp-json\/wp\/v2\/types\/page"}],"author":[{"embeddable":true,"href":"https:\/\/www.marmouzic.org\/index.php\/wp-json\/wp\/v2\/users\/1"}],"replies":[{"embeddable":true,"href":"https:\/\/www.marmouzic.org\/index.php\/wp-json\/wp\/v2\/comments?post=10"}],"version-history":[{"count":123,"href":"https:\/\/www.marmouzic.org\/index.php\/wp-json\/wp\/v2\/pages\/10\/revisions"}],"predecessor-version":[{"id":9392,"href":"https:\/\/www.marmouzic.org\/index.php\/wp-json\/wp\/v2\/pages\/10\/revisions\/9392"}],"wp:attachment":[{"href":"https:\/\/www.marmouzic.org\/index.php\/wp-json\/wp\/v2\/media?parent=10"}],"curies":[{"name":"wp","href":"https:\/\/api.w.org\/{rel}","templated":true}]}}