{"id":44,"date":"2019-12-15T12:01:12","date_gmt":"2019-12-15T11:01:12","guid":{"rendered":"http:\/\/www.marmouzic.org\/wwz\/?page_id=44"},"modified":"2023-03-28T16:24:04","modified_gmt":"2023-03-28T14:24:04","slug":"voyage-dans-le-grand-nord","status":"publish","type":"page","link":"https:\/\/www.marmouzic.org\/index.php\/voyage-dans-le-grand-nord\/","title":{"rendered":"Voyage dans le Grand Nord"},"content":{"rendered":"\n<p class=\"has-text-align-center has-medium-font-size\"><mark style=\"background-color:rgba(0, 0, 0, 0)\" class=\"has-inline-color has-neve-button-color-color\"><strong>Faire voyager petits et grands<\/strong> <strong>toute une saison<\/strong> <\/mark><br><mark style=\"background-color:rgba(0, 0, 0, 0)\" class=\"has-inline-color has-neve-button-color-color\"><strong><u><strong>dans le Grand Nord arctique et scandinave,<\/strong><\/u><\/strong> <strong>tel est l&rsquo;objet de ce voyage<\/strong>.<\/mark><\/p>\n\n\n\n<p class=\"has-normal-font-size\"><strong><span class=\"has-inline-color has-neve-button-color-color\">Pourquoi la Scandinavie?<\/span><\/strong><br><span class=\"has-inline-color has-black-color\">Parce que Christofer Bjurstr\u00f6m est su\u00e9dois et conna\u00eet et appr\u00e9cie tout particuli\u00e8rement cette partie du monde<\/span><\/p>\n\n\n\n<p class=\"has-normal-font-size\"><strong><span class=\"has-inline-color has-neve-button-color-color\">Pourquoi l&rsquo;univers arctique&nbsp;?<\/span><\/strong><br>Catherine Le Flochmoan a eu l&rsquo;envie de monter un spectacle \u00e0 partir d&rsquo;un conte inuit en compagnie de Christofer Bjurstr\u00f6m. Pour ce faire, Catherine s&rsquo;est form\u00e9e aupr\u00e8s de l&rsquo;ethnologue Sylvie T\u00e9veny, du Centre Culturel Inuit \u00ab&nbsp;Inuksuk&nbsp;\u00bb \u00e0 Paris. Et <strong>tous deux se sont pris de passion pour cet univers si particulier<\/strong><\/p>\n\n\n\n<p class=\"has-text-align-center\" style=\"font-size:28px\"><strong>Au programme&nbsp;:<\/strong><\/p>\n\n\n\n<p class=\"has-text-align-center has-text-color has-medium-font-size\" style=\"color:#a30120\"><mark style=\"background-color:rgba(0, 0, 0, 0)\" class=\"has-inline-color has-neve-button-color-color\"><strong>Des spectacles, des conf\u00e9rences, des lectures musicales, <\/strong><br><strong>des contes et des actions culturelles<\/strong> <\/mark><br><\/p>\n\n\n\n<p class=\"has-background has-medium-font-size\" style=\"background-color:#e6e2e9\"><strong><span class=\"has-inline-color has-black-color\">Pour les grands&#8230;.. les adultes<\/span><\/strong><\/p>\n\n\n\n<div class=\"wp-block-media-text alignwide is-stacked-on-mobile\" style=\"grid-template-columns:21% auto\"><figure class=\"wp-block-media-text__media\"><a href=\"https:\/\/www.marmouzic.org\/index.php\/cap-au-nord\/\"><img loading=\"lazy\" decoding=\"async\" width=\"900\" height=\"506\" src=\"https:\/\/www.marmouzic.org\/wp-content\/uploads\/2020\/06\/lecture-cap-au-nord-vignette-16-9.jpg\" alt=\"\" class=\"wp-image-1114\" srcset=\"https:\/\/www.marmouzic.org\/wp-content\/uploads\/2020\/06\/lecture-cap-au-nord-vignette-16-9.jpg 900w, https:\/\/www.marmouzic.org\/wp-content\/uploads\/2020\/06\/lecture-cap-au-nord-vignette-16-9-300x169.jpg 300w, https:\/\/www.marmouzic.org\/wp-content\/uploads\/2020\/06\/lecture-cap-au-nord-vignette-16-9-768x432.jpg 768w\" sizes=\"auto, (max-width: 900px) 100vw, 900px\" \/><\/a><\/figure><div class=\"wp-block-media-text__content\">\n\n<p><strong><span class=\"has-inline-color has-black-color\">\u2192 Des lectures musicales m\u00ealant intimement les mots et les notes<\/span><\/strong><\/p>\n\n\n<p class=\"has-small-font-size\" style=\"line-height:1.2\"><strong><span class=\"has-inline-color has-neve-button-color-color\">\u2192 Cap au Nord<\/span><\/strong><br>Les com\u00e9diens Pascal Guin et Catherine Le Flochmoan donnent leurs voix \u00e0 des textes su\u00e9dois (Stig Dagerman, Katarina Mazetti), norv\u00e9giens (Erlend Loe), islandais (Sjon, Steinum Sigurdardottir), danois (Jorn Riel) et finlandais (Arto Paasilinna), issus de la litt\u00e9rature scandinave contemporaine. Nous avons choisi des textes pour la plupart souriants et Christofer Bjurstr\u00f6m leur donne la r\u00e9plique au piano et aux fl\u00fbtes nordiques.<br><\/p>\n\n<\/div><\/div>\n\n\n\n<div class=\"wp-block-media-text alignwide is-stacked-on-mobile\" style=\"grid-template-columns:21% auto\"><figure class=\"wp-block-media-text__media\"><a href=\"https:\/\/www.marmouzic.org\/index.php\/vivre-en-arctique\/\"><img loading=\"lazy\" decoding=\"async\" width=\"1024\" height=\"722\" src=\"https:\/\/www.marmouzic.org\/wp-content\/uploads\/2020\/11\/Rennes-IMG_1003-pour-site-6-1024x722.jpg\" alt=\"\" class=\"wp-image-1825\" srcset=\"https:\/\/www.marmouzic.org\/wp-content\/uploads\/2020\/11\/Rennes-IMG_1003-pour-site-6-1024x722.jpg 1024w, https:\/\/www.marmouzic.org\/wp-content\/uploads\/2020\/11\/Rennes-IMG_1003-pour-site-6-300x212.jpg 300w, https:\/\/www.marmouzic.org\/wp-content\/uploads\/2020\/11\/Rennes-IMG_1003-pour-site-6-768x542.jpg 768w, https:\/\/www.marmouzic.org\/wp-content\/uploads\/2020\/11\/Rennes-IMG_1003-pour-site-6.jpg 1412w\" sizes=\"auto, (max-width: 1024px) 100vw, 1024px\" \/><\/a><\/figure><div class=\"wp-block-media-text__content\">\n\n<p class=\"has-small-font-size\" style=\"line-height:1.2\"><strong><span class=\"has-inline-color has-neve-button-color-color\">\u2192 Vivre en Arctique<\/span><\/strong><br>1 com\u00e9dienne et 1 musicien et des textes inuits contemporains et traditionnels pour \u00e9voquer la vie dans le Grand Nord arctique.<br><span style=\"color:#a30120\" class=\"has-inline-color\"><\/span><\/p>\n\n<\/div><\/div>\n\n\n\n<div class=\"wp-block-media-text alignwide is-stacked-on-mobile\" style=\"grid-template-columns:22% auto\"><figure class=\"wp-block-media-text__media\"><img loading=\"lazy\" decoding=\"async\" width=\"1024\" height=\"576\" src=\"https:\/\/www.marmouzic.org\/wp-content\/uploads\/2020\/05\/Ilot-1-1024.jpg\" alt=\"\" class=\"wp-image-1034 size-full\" srcset=\"https:\/\/www.marmouzic.org\/wp-content\/uploads\/2020\/05\/Ilot-1-1024.jpg 1024w, https:\/\/www.marmouzic.org\/wp-content\/uploads\/2020\/05\/Ilot-1-1024-300x169.jpg 300w, https:\/\/www.marmouzic.org\/wp-content\/uploads\/2020\/05\/Ilot-1-1024-768x432.jpg 768w\" sizes=\"auto, (max-width: 1024px) 100vw, 1024px\" \/><\/figure><div class=\"wp-block-media-text__content\">\n<p class=\"has-text-align-center\"><strong><span class=\"has-inline-color has-black-color\">\u2192 des conf\u00e9rences sur le th\u00e8me de la culture inuit hier et aujourd&rsquo;hui&nbsp;\u00bb<\/span><\/strong><\/p>\n\n\n\n<p class=\"has-small-font-size\"><mark style=\"background-color:rgba(0, 0, 0, 0)\" class=\"has-inline-color has-neve-button-color-color\"><strong>Avec l&rsquo;ethnologue Sylvie Theveny<\/strong><br><strong>Divers programmes sont possibles autour de la culture inuit\u00a0:<\/strong><\/mark><br>&#8211; Les relations homme\/animal chez les Inuit : mythes, chasse, alimentation, couture\u2026<br>&#8211; Le r\u00e9chauffement climatique dans l\u2019Arctique et ses cons\u00e9quences sur la vie quotidienne des Inuit<br>&#8211; L\u2019art inuit<br>&#8211; Itin\u00e9raires politiques r\u00e9cents des Inuit du Canada<br>&#8211; La cr\u00e9ation lexicale chez les Inuit<\/p>\n<\/div><\/div>\n\n\n\n<div class=\"wp-block-media-text alignwide has-media-on-the-right is-stacked-on-mobile\" style=\"grid-template-columns:auto 30%\"><figure class=\"wp-block-media-text__media\"><a href=\"https:\/\/www.marmouzic.org\/index.php\/okalik-le-grand-chasseur-inuit\/\"><img loading=\"lazy\" decoding=\"async\" width=\"1024\" height=\"576\" src=\"https:\/\/www.marmouzic.org\/wp-content\/uploads\/2020\/05\/OKALIK-\u00a9S\u00e9bastienDurand-16-9-1280-1024x576.jpg\" alt=\"\" class=\"wp-image-943\" srcset=\"https:\/\/www.marmouzic.org\/wp-content\/uploads\/2020\/05\/OKALIK-\u00a9S\u00e9bastienDurand-16-9-1280-1024x576.jpg 1024w, https:\/\/www.marmouzic.org\/wp-content\/uploads\/2020\/05\/OKALIK-\u00a9S\u00e9bastienDurand-16-9-1280-300x169.jpg 300w, https:\/\/www.marmouzic.org\/wp-content\/uploads\/2020\/05\/OKALIK-\u00a9S\u00e9bastienDurand-16-9-1280-768x432.jpg 768w, https:\/\/www.marmouzic.org\/wp-content\/uploads\/2020\/05\/OKALIK-\u00a9S\u00e9bastienDurand-16-9-1280.jpg 1280w\" sizes=\"auto, (max-width: 1024px) 100vw, 1024px\" \/><\/a><\/figure><div class=\"wp-block-media-text__content\">\n\n<p class=\"has-background has-medium-font-size\" style=\"background-color:#e6e2e9\"><strong><span class=\"has-inline-color has-black-color\">Pour les plus jeunes&nbsp;:<\/span><\/strong><\/p>\n\n\n<p class=\"has-medium-font-size\"><strong><span class=\"has-inline-color has-black-color\">\u2192 un spectacle m\u00ealant th\u00e9\u00e2tre, musique, marionnettes et film d&rsquo;animation<\/span><\/strong><\/p>\n\n\n<p class=\"has-normal-font-size\" style=\"line-height:1.2\"><strong><span style=\"color:#a31809\" class=\"has-inline-color\">Okalik, le grand chasseur inuit <\/span>                                           <\/strong><br>Une aventure myst\u00e9rieuse dans les \u00e9tendues glac\u00e9es de l\u2019arctique!<br>Une conteuse inuit, 2 musiciens, des marionnettes, un film d\u2019animation dans un d\u00e9cor inspir\u00e9 de l\u2019\u00e9t\u00e9 en Arctique<br><strong><span style=\"color:#a31809\" class=\"has-inline-color\">\u2192 \u00e0 partir de 5 ans<\/span><\/strong><br><\/p>\n\n<\/div><\/div>\n\n\n\n<div class=\"wp-block-media-text alignwide has-media-on-the-right is-stacked-on-mobile\" style=\"grid-template-columns:auto 30%\"><figure class=\"wp-block-media-text__media\"><a href=\"https:\/\/www.marmouzic.org\/index.php\/cine-concert-inuit-pour-petites-chouettes\/\"><img loading=\"lazy\" decoding=\"async\" width=\"1024\" height=\"576\" src=\"https:\/\/www.marmouzic.org\/wp-content\/uploads\/2020\/10\/CCInuit-Vignette-16-9-1024x576.jpg\" alt=\"\" class=\"wp-image-1475\" srcset=\"https:\/\/www.marmouzic.org\/wp-content\/uploads\/2020\/10\/CCInuit-Vignette-16-9-1024x576.jpg 1024w, https:\/\/www.marmouzic.org\/wp-content\/uploads\/2020\/10\/CCInuit-Vignette-16-9-300x169.jpg 300w, https:\/\/www.marmouzic.org\/wp-content\/uploads\/2020\/10\/CCInuit-Vignette-16-9-768x432.jpg 768w, https:\/\/www.marmouzic.org\/wp-content\/uploads\/2020\/10\/CCInuit-Vignette-16-9.jpg 1280w\" sizes=\"auto, (max-width: 1024px) 100vw, 1024px\" \/><\/a><\/figure><div class=\"wp-block-media-text__content\">\n\n<p class=\"has-medium-font-size\"><strong><span class=\"has-inline-color has-black-color\">\u2192 Un spectacle pour les tout-petits \u00e0 partir de 2 ans<\/span><\/strong><\/p>\n\n\n<p class=\"has-normal-font-size\" style=\"line-height:1.2\"><strong><span style=\"color:#a30120\" class=\"has-inline-color\">Le Cin\u00e9-Concert Inuit pour Petites Chouettes<\/span><\/strong>                  <span style=\"color:#a31809\" class=\"has-inline-color\"><\/span><br>Un musicien et une conteuse-chanteuse.<br>Une balade en musique, en conte et en chansons dans 4 petits films inuit des ann\u00e9es 70, inspir\u00e9s de contes traditionnels<br><span style=\"color:#a31809\" class=\"has-inline-color\">\u2192 <strong>\u00e0 partir de 2 ans<\/strong><\/span><br><\/p>\n\n<\/div><\/div>\n\n\n\n<div class=\"wp-block-media-text alignwide is-stacked-on-mobile\" style=\"grid-template-columns:27% auto\"><figure class=\"wp-block-media-text__media\"><a href=\"https:\/\/www.marmouzic.org\/index.php\/le-jour-ou-maja-devint-une-etoile\/\"><img loading=\"lazy\" decoding=\"async\" width=\"1024\" height=\"576\" src=\"https:\/\/www.marmouzic.org\/wp-content\/uploads\/2020\/05\/Maja-Vignette-16-9-1024x576.jpg\" alt=\"\" class=\"wp-image-1009\" srcset=\"https:\/\/www.marmouzic.org\/wp-content\/uploads\/2020\/05\/Maja-Vignette-16-9-1024x576.jpg 1024w, https:\/\/www.marmouzic.org\/wp-content\/uploads\/2020\/05\/Maja-Vignette-16-9-300x169.jpg 300w, https:\/\/www.marmouzic.org\/wp-content\/uploads\/2020\/05\/Maja-Vignette-16-9-768x432.jpg 768w, https:\/\/www.marmouzic.org\/wp-content\/uploads\/2020\/05\/Maja-Vignette-16-9.jpg 1280w\" sizes=\"auto, (max-width: 1024px) 100vw, 1024px\" \/><\/a><\/figure><div class=\"wp-block-media-text__content\">\n\n<p class=\"has-medium-font-size\"><strong><span class=\"has-inline-color has-black-color\">\u2192 Des contes accompagn\u00e9s de chansons<\/span><\/strong><\/p>\n\n\n<p class=\"has-small-font-size\" style=\"line-height:1.2\"><strong><span style=\"color:#25610d\" class=\"has-inline-color\">\u2192 <strong>Le jour o\u00f9 Maja devint une \u00e9toile et autres contes nordiques<\/strong><\/span><\/strong><br>Une plong\u00e9e dans l&rsquo;imaginaire des Contes traditionnels Nordiques peupl\u00e9s d&rsquo;elfes, de trolls et d&rsquo;\u00eatres inqui\u00e9tants, avec 3 contes traditionnels issus du r\u00e9pertoire su\u00e9dois et islandais, pour faire voyager petits et grands, dans un univers glac\u00e9, \u00e9trange et mal\u00e9fique&#8230; 50 mins entre contes et chansons traditionnelles<strong><br><span style=\"color:#25610d\" class=\"has-inline-color\">\u2192 \u00e0 partir de 5 ans<span style=\"color:#a30120\" class=\"has-inline-color\"><\/span><\/span><\/strong><\/p>\n\n<\/div><\/div>\n\n\n\n<p><\/p>\n\n\n\n<div class=\"wp-block-media-text alignwide is-stacked-on-mobile\" style=\"grid-template-columns:27% auto\"><figure class=\"wp-block-media-text__media\"><a href=\"https:\/\/www.marmouzic.org\/index.php\/contes-inuit-pour-tout-petits\/\"><img loading=\"lazy\" decoding=\"async\" width=\"1024\" height=\"768\" src=\"https:\/\/www.marmouzic.org\/wp-content\/uploads\/2020\/04\/DSC05341-1024x768.jpg\" alt=\"\" class=\"wp-image-489\" srcset=\"https:\/\/www.marmouzic.org\/wp-content\/uploads\/2020\/04\/DSC05341-1024x768.jpg 1024w, https:\/\/www.marmouzic.org\/wp-content\/uploads\/2020\/04\/DSC05341-300x225.jpg 300w, https:\/\/www.marmouzic.org\/wp-content\/uploads\/2020\/04\/DSC05341-768x576.jpg 768w, https:\/\/www.marmouzic.org\/wp-content\/uploads\/2020\/04\/DSC05341-1536x1152.jpg 1536w, https:\/\/www.marmouzic.org\/wp-content\/uploads\/2020\/04\/DSC05341-2048x1536.jpg 2048w\" sizes=\"auto, (max-width: 1024px) 100vw, 1024px\" \/><\/a><\/figure><div class=\"wp-block-media-text__content\">\n\n<p class=\"has-small-font-size\" style=\"line-height:1.2\"><strong><span style=\"color:#125ae0\" class=\"has-inline-color\">\u2192 <\/span><span style=\"color:#25610d\" class=\"has-inline-color\">Contes Inuit pour tout petits<\/span><\/strong><br>Un voyage dans le Grand Nord arctique pour des tout-petits, avec 3 histoires qui mettent en sc\u00e8ne des animaux. Sais-tu pourquoi le corbeau est tout noir, pourquoi il y a aujourd&rsquo;hui le jour et la nuit et comment Itak le petit inuit est devenu un grand chasseur ? 3 histoires qui plongent dans l&rsquo;imaginaire inuit.<br><strong><span style=\"color:#25610d\" class=\"has-inline-color\">\u2192 \u00e0 partir de 2 ans<\/span><\/strong><span style=\"color:#125ae0\" class=\"has-inline-color\"><strong><span style=\"color:#a30120\" class=\"has-inline-color\"><\/span><\/strong><\/span><\/p>\n\n<\/div><\/div>\n\n\n\n<p> <\/p>\n\n\n\n<div class=\"wp-block-media-text alignwide is-stacked-on-mobile\" style=\"grid-template-columns:27% auto\"><figure class=\"wp-block-media-text__media\"><a href=\"https:\/\/www.marmouzic.org\/index.php\/le-mystere-de-la-femme-phoque\/\"><img loading=\"lazy\" decoding=\"async\" width=\"405\" height=\"307\" src=\"https:\/\/www.marmouzic.org\/wp-content\/uploads\/2020\/11\/femme-inuit-petite.jpg\" alt=\"\" class=\"wp-image-2082\" srcset=\"https:\/\/www.marmouzic.org\/wp-content\/uploads\/2020\/11\/femme-inuit-petite.jpg 405w, https:\/\/www.marmouzic.org\/wp-content\/uploads\/2020\/11\/femme-inuit-petite-300x227.jpg 300w\" sizes=\"auto, (max-width: 405px) 100vw, 405px\" \/><\/a><\/figure><div class=\"wp-block-media-text__content\">\n\n<p class=\"has-small-font-size\" style=\"line-height:1.2\"><strong><span style=\"color:#125ae0\" class=\"has-inline-color\">\u2192 <\/span><span style=\"color:#25610d\" class=\"has-inline-color\">Le Myst\u00e8re de la Femme Phoque et autres contes inuit<\/span><\/strong><br>Tout l\u00e0-haut, dans le Grand Nord arctique, au pays des inuit, la vie est tr\u00e8s rude mais les animaux et leurs esprits savent prot\u00e9ger ceux qui les respectent&#8230;<br>Catherine Le Flochmoan entra\u00eene les enfants, en chansons et en contes, dans les myst\u00e8res de l&rsquo;Arctique, \u00e0 travers 3 histoires \u00e9tranges, myst\u00e9rieuses et embl\u00e9matiques de l&rsquo;imaginaire inuit.<strong><br><span style=\"color:#25610d\" class=\"has-inline-color\">\u2192 \u00e0 partir de 6 ans<\/span><span style=\"color:#125ae0\" class=\"has-inline-color\"><span style=\"color:#a30120\" class=\"has-inline-color\"><\/span><\/span><\/strong><\/p>\n\n<\/div><\/div>\n\n\n\n<p><\/p>\n\n\n\n<div class=\"wp-block-media-text alignwide has-media-on-the-right is-stacked-on-mobile\" style=\"grid-template-columns:auto 27%\"><figure class=\"wp-block-media-text__media\"><a href=\"https:\/\/www.marmouzic.org\/index.php\/le-jour-ou-maja-devint-une-etoile\/\"><img loading=\"lazy\" decoding=\"async\" width=\"800\" height=\"600\" src=\"https:\/\/www.marmouzic.org\/wp-content\/uploads\/2020\/11\/sculpture-4-petite.jpg\" alt=\"\" class=\"wp-image-1774\" srcset=\"https:\/\/www.marmouzic.org\/wp-content\/uploads\/2020\/11\/sculpture-4-petite.jpg 800w, https:\/\/www.marmouzic.org\/wp-content\/uploads\/2020\/11\/sculpture-4-petite-300x225.jpg 300w, https:\/\/www.marmouzic.org\/wp-content\/uploads\/2020\/11\/sculpture-4-petite-768x576.jpg 768w\" sizes=\"auto, (max-width: 800px) 100vw, 800px\" \/><\/a><\/figure><div class=\"wp-block-media-text__content\">\n\n<p class=\"has-text-align-center\"><strong><span class=\"has-inline-color has-black-color\">\u2192 des actions culturelles autour de l&rsquo;univers inuit<\/span><\/strong><\/p>\n\n\n<p class=\"has-text-align-center has-small-font-size\" style=\"line-height:1.2\"><strong><span style=\"color:#125ae0\" class=\"has-inline-color\">\u2192 <strong>Des ateliers courts<\/strong><\/span><\/strong><br>Atelier d\u00e9couverte de la culture inuit<br>Atelier d&rsquo;initiation \u00e0 l&rsquo;\u00e9criture inuit du Nunavut<br>Atelier jeux inuits<br>Atelier jeux de ficelle<br>Atelier contes et mythes fondateurs inuit<strong><br><span style=\"color:#125ae0\" class=\"has-inline-color\">\u2192 adapt\u00e9s selon les \u00e2ges<span style=\"color:#a30120\" class=\"has-inline-color\"><\/span><\/span><\/strong><\/p>\n\n\n<p class=\"has-text-align-center has-small-font-size\"><strong><span class=\"has-inline-color has-neve-button-color-color\">\u2192 Des ateliers \u00ab\u00a0longs\u00a0\u00bb<\/span><\/strong><br>Cr\u00e9ation d&rsquo;un spectacle autour d&rsquo;un conte nordique<br>Cin\u00e9-concert avec les \u00e9l\u00e8ves d&rsquo;une \u00e9cole de musique<br><\/p>\n\n<\/div><\/div>\n\n\n<div\n\t\t\t\n\t\t\tclass=\"so-widget-sow-button so-widget-sow-button-wire-c125f315acd5\"\n\t\t\t\n\t\t><div class=\"ow-button-base ow-button-align-center\"\n>\n\t\t\t<a\n\t\t\t\t\thref=\"https:\/\/www.marmouzic.org\/index.php\/voyage-dans-le-grand-nord\/\"\n\t\t\t\t\tclass=\"sowb-button ow-icon-placement-top ow-button-hover\" \t>\n\t\t<span>\n\t\t\t<span class=\"sow-icon-ionicons\" data-sow-icon=\"&#xf398;\"\n\t\tstyle=\"color: #000000\" \n\t\taria-hidden=\"true\"><\/span>\n\t\t\tHaut de page\t\t<\/span>\n\t\t\t<\/a>\n\t<\/div>\n<\/div>","protected":false},"excerpt":{"rendered":"<p>Faire voyager petits et grands toute une saison dans le Grand Nord arctique et scandinave, tel est l&rsquo;objet de ce voyage. Pourquoi la Scandinavie?Parce que Christofer Bjurstr\u00f6m est su\u00e9dois et conna\u00eet et appr\u00e9cie tout particuli\u00e8rement cette partie du monde Pourquoi l&rsquo;univers arctique&nbsp;?Catherine Le Flochmoan a eu l&rsquo;envie de monter un spectacle \u00e0 partir d&rsquo;un conte&hellip;&nbsp;<a href=\"https:\/\/www.marmouzic.org\/index.php\/voyage-dans-le-grand-nord\/\" rel=\"bookmark\">Lire la suite &raquo;<span class=\"screen-reader-text\">Voyage dans le Grand Nord<\/span><\/a><\/p>\n","protected":false},"author":1,"featured_media":1790,"parent":0,"menu_order":0,"comment_status":"closed","ping_status":"closed","template":"","meta":{"neve_meta_sidebar":"right","neve_meta_container":"","neve_meta_enable_content_width":"on","neve_meta_content_width":70,"neve_meta_title_alignment":"","neve_meta_author_avatar":"","neve_post_elements_order":"","neve_meta_disable_header":"","neve_meta_disable_footer":"","neve_meta_disable_title":"","footnotes":""},"class_list":["post-44","page","type-page","status-publish","has-post-thumbnail","hentry"],"featured_image_src":"https:\/\/www.marmouzic.org\/wp-content\/uploads\/2020\/11\/Bandeau-Mer-de-glace-devant-glacier.jpg","featured_image_src_square":"https:\/\/www.marmouzic.org\/wp-content\/uploads\/2020\/11\/Bandeau-Mer-de-glace-devant-glacier.jpg","_links":{"self":[{"href":"https:\/\/www.marmouzic.org\/index.php\/wp-json\/wp\/v2\/pages\/44","targetHints":{"allow":["GET"]}}],"collection":[{"href":"https:\/\/www.marmouzic.org\/index.php\/wp-json\/wp\/v2\/pages"}],"about":[{"href":"https:\/\/www.marmouzic.org\/index.php\/wp-json\/wp\/v2\/types\/page"}],"author":[{"embeddable":true,"href":"https:\/\/www.marmouzic.org\/index.php\/wp-json\/wp\/v2\/users\/1"}],"replies":[{"embeddable":true,"href":"https:\/\/www.marmouzic.org\/index.php\/wp-json\/wp\/v2\/comments?post=44"}],"version-history":[{"count":42,"href":"https:\/\/www.marmouzic.org\/index.php\/wp-json\/wp\/v2\/pages\/44\/revisions"}],"predecessor-version":[{"id":6166,"href":"https:\/\/www.marmouzic.org\/index.php\/wp-json\/wp\/v2\/pages\/44\/revisions\/6166"}],"wp:featuredmedia":[{"embeddable":true,"href":"https:\/\/www.marmouzic.org\/index.php\/wp-json\/wp\/v2\/media\/1790"}],"wp:attachment":[{"href":"https:\/\/www.marmouzic.org\/index.php\/wp-json\/wp\/v2\/media?parent=44"}],"curies":[{"name":"wp","href":"https:\/\/api.w.org\/{rel}","templated":true}]}}