{"id":542,"date":"2020-04-30T15:49:57","date_gmt":"2020-04-30T13:49:57","guid":{"rendered":"http:\/\/www.marmouzic.org\/wwz\/?page_id=542"},"modified":"2023-03-28T16:12:24","modified_gmt":"2023-03-28T14:12:24","slug":"les-spectacles","status":"publish","type":"page","link":"https:\/\/www.marmouzic.org\/index.php\/les-spectacles\/","title":{"rendered":"Les spectacles m\u00ealant musique vivante, cin\u00e9ma et th\u00e9\u00e2tre"},"content":{"rendered":"\n<div class=\"wp-block-media-text is-stacked-on-mobile\" style=\"grid-template-columns:46% auto\"><figure class=\"wp-block-media-text__media\"><a href=\"https:\/\/www.marmouzic.org\/index.php\/livre-concert-le-voyage-dhipollene\/\" target=\"_blank\" rel=\"noopener noreferrer\"><img loading=\"lazy\" decoding=\"async\" width=\"1024\" height=\"807\" src=\"https:\/\/www.marmouzic.org\/wp-content\/uploads\/2020\/11\/Kerdraon-NB-et-Couleur-recadree-1024x807.jpg\" alt=\"\" class=\"wp-image-1570 size-full\" srcset=\"https:\/\/www.marmouzic.org\/wp-content\/uploads\/2020\/11\/Kerdraon-NB-et-Couleur-recadree-1024x807.jpg 1024w, https:\/\/www.marmouzic.org\/wp-content\/uploads\/2020\/11\/Kerdraon-NB-et-Couleur-recadree-300x236.jpg 300w, https:\/\/www.marmouzic.org\/wp-content\/uploads\/2020\/11\/Kerdraon-NB-et-Couleur-recadree-768x605.jpg 768w, https:\/\/www.marmouzic.org\/wp-content\/uploads\/2020\/11\/Kerdraon-NB-et-Couleur-recadree-1536x1211.jpg 1536w, https:\/\/www.marmouzic.org\/wp-content\/uploads\/2020\/11\/Kerdraon-NB-et-Couleur-recadree-2048x1614.jpg 2048w\" sizes=\"auto, (max-width: 1024px) 100vw, 1024px\" \/><\/a><\/figure><div class=\"wp-block-media-text__content\">\n<p class=\"has-text-align-center\" style=\"font-size:21px\"><strong>\u2192<\/strong><a href=\"https:\/\/www.marmouzic.org\/index.php\/lemysterebigoulet\/\" data-type=\"URL\" data-id=\"https:\/\/www.marmouzic.org\/index.php\/lemysterebigoulet\/\"><mark style=\"background-color:var(--nv-site-bg)\" class=\"has-inline-color\">\u00ab\u00a0<\/mark><strong>Livre-Concert \u00ab\u00a0Le myst\u00e8re Bigoulet<\/strong>\u00ab\u00a0<\/a><br><strong><mark style=\"background-color:rgba(0, 0, 0, 0);color:#f30606\" class=\"has-inline-color\">Le nouveau spectacle <\/mark><\/strong><br><strong><mark style=\"background-color:rgba(0, 0, 0, 0);color:#f30606\" class=\"has-inline-color\">de la Cie Marmouzic: <\/mark><\/strong><\/p>\n\n\n\n<p class=\"has-text-align-left has-small-font-size\"><mark style=\"background-color:rgba(0, 0, 0, 0);color:#a31809\" class=\"has-inline-color\">&#8211;> <strong>\u00e0 partir de 3 ans<\/strong><\/mark><br>d&rsquo;apr\u00e8s L&rsquo;Ecoute-aux-portes de  <strong>Claude Pont<\/strong>i<br><br><strong><mark style=\"background-color:rgba(0, 0, 0, 0)\" class=\"has-inline-color has-black-color\">Qui est Mr Bigoulet? Vous le saurez en suivant les aventures de la petite Mine et de son ami l&rsquo;Ecoute-aux-portes!<\/mark><\/strong><\/p>\n\n\n\n<p class=\"has-text-align-left\" style=\"font-size:15px\"><strong> Cr\u00e9ation septembre 2021<\/strong><\/p>\n\n\n\n<div class=\"wp-block-buttons is-horizontal is-content-justification-center is-layout-flex wp-container-core-buttons-is-layout-499968f5 wp-block-buttons-is-layout-flex\">\n<div class=\"wp-block-button is-style-primary\"><a class=\"wp-block-button__link has-neve-link-color-background-color has-background wp-element-button\" href=\"https:\/\/www.marmouzic.org\/index.php\/lemysterebigoulet\/\" style=\"border-radius:24px\" target=\"_blank\" rel=\"noreferrer noopener\">pour en savoir +<\/a><\/div>\n<\/div>\n\n\n\n<p class=\"has-text-align-left\" style=\"font-size:15px\"><br>                     <\/p>\n<\/div><\/div>\n\n\n\n<div class=\"wp-block-media-text has-media-on-the-right is-stacked-on-mobile\" style=\"grid-template-columns:auto 47%\"><div class=\"wp-block-media-text__content\">\n<p><\/p>\n\n\n\n<p class=\"has-text-align-center\" style=\"font-size:21px\"><strong><span style=\"color:#a31201\" class=\"has-inline-color\">\u2192 <a rel=\"noreferrer noopener\" href=\"https:\/\/www.marmouzic.org\/index.php\/livre-concert-le-voyage-dhipollene\/\" target=\"_blank\">Livre-Concert \u00ab\u00a0Le Voyage d&rsquo;Hipoll\u00e8ne\u00a0\u00bb<\/a><\/span><\/strong><span style=\"color:#a31201\" class=\"has-inline-color\"><\/span><\/p>\n\n\n\n<p class=\"has-text-align-left has-small-font-size\"><mark style=\"background-color:rgba(0, 0, 0, 0);color:#a31809\" class=\"has-inline-color\">&#8211;> <strong>\u00e0 partir de 2 ans<\/strong><\/mark><br>d&rsquo;apr\u00e8s l&rsquo;album \u00ab\u00a0L&rsquo;Arbre Sans Fin\u00a0\u00bb de Claude Ponti<br><br><strong><mark style=\"background-color:rgba(0, 0, 0, 0);color:#a31809\" class=\"has-inline-color\">TTT Telerama<\/mark><\/strong><mark style=\"background-color:rgba(0, 0, 0, 0)\" class=\"has-inline-color has-black-color\"> <\/mark><strong><mark style=\"background-color:rgba(0, 0, 0, 0)\" class=\"has-inline-color has-black-color\"> \u00ab\u00a0On aime \u00e9norm\u00e9ment\u00a0\u00bb<\/mark><mark style=\"background-color:rgba(0, 0, 0, 0)\" class=\"has-inline-color has-black-color\"><\/mark><\/strong><br><br><strong>Un voyage musical, cin\u00e9matographique, cont\u00e9 et chant\u00e9 dans l&rsquo;univers merveilleux et po\u00e9tique de Claude Ponti.<\/strong><\/p>\n\n\n\n<p class=\"has-text-align-left has-small-font-size\"><strong>N.B<\/strong>.:<strong> Le Livre-CD<\/strong> du spectacle est en vente aupr\u00e8s de la Cie Marmouzic et sur le site des \u00ab Allum\u00e9s du Jazz\u00bb<\/p>\n<\/div><figure class=\"wp-block-media-text__media\"><a href=\"https:\/\/www.marmouzic.org\/index.php\/livre-concert-le-voyage-dhipollene\/\" target=\"_blank\" rel=\"noopener noreferrer\"><img loading=\"lazy\" decoding=\"async\" width=\"1024\" height=\"609\" src=\"https:\/\/www.marmouzic.org\/wp-content\/uploads\/2020\/05\/Hipoll\u00e8ne-Marmouzic-2-scaled-e1590740905643-1024x609.jpg\" alt=\"\" class=\"wp-image-731 size-full\" srcset=\"https:\/\/www.marmouzic.org\/wp-content\/uploads\/2020\/05\/Hipoll\u00e8ne-Marmouzic-2-scaled-e1590740905643-1024x609.jpg 1024w, https:\/\/www.marmouzic.org\/wp-content\/uploads\/2020\/05\/Hipoll\u00e8ne-Marmouzic-2-scaled-e1590740905643-300x178.jpg 300w, https:\/\/www.marmouzic.org\/wp-content\/uploads\/2020\/05\/Hipoll\u00e8ne-Marmouzic-2-scaled-e1590740905643-768x457.jpg 768w, https:\/\/www.marmouzic.org\/wp-content\/uploads\/2020\/05\/Hipoll\u00e8ne-Marmouzic-2-scaled-e1590740905643-1536x914.jpg 1536w, https:\/\/www.marmouzic.org\/wp-content\/uploads\/2020\/05\/Hipoll\u00e8ne-Marmouzic-2-scaled-e1590740905643-2048x1218.jpg 2048w\" sizes=\"auto, (max-width: 1024px) 100vw, 1024px\" \/><\/a><\/figure><\/div>\n\n\n\n<div class=\"wp-block-media-text is-stacked-on-mobile\" style=\"grid-template-columns:46% auto\"><figure class=\"wp-block-media-text__media\"><a href=\"https:\/\/www.marmouzic.org\/index.php\/okalik-le-grand-chasseur-inuit\/\"><img loading=\"lazy\" decoding=\"async\" width=\"1024\" height=\"736\" src=\"https:\/\/www.marmouzic.org\/wp-content\/uploads\/2020\/11\/recentree-OKALIK-\u00a9SebastienDurand-7-petite-1024x736.jpg\" alt=\"\" class=\"wp-image-1502 size-full\" srcset=\"https:\/\/www.marmouzic.org\/wp-content\/uploads\/2020\/11\/recentree-OKALIK-\u00a9SebastienDurand-7-petite-1024x736.jpg 1024w, https:\/\/www.marmouzic.org\/wp-content\/uploads\/2020\/11\/recentree-OKALIK-\u00a9SebastienDurand-7-petite-300x216.jpg 300w, https:\/\/www.marmouzic.org\/wp-content\/uploads\/2020\/11\/recentree-OKALIK-\u00a9SebastienDurand-7-petite-768x552.jpg 768w, https:\/\/www.marmouzic.org\/wp-content\/uploads\/2020\/11\/recentree-OKALIK-\u00a9SebastienDurand-7-petite-1536x1104.jpg 1536w, https:\/\/www.marmouzic.org\/wp-content\/uploads\/2020\/11\/recentree-OKALIK-\u00a9SebastienDurand-7-petite.jpg 2000w\" sizes=\"auto, (max-width: 1024px) 100vw, 1024px\" \/><\/a><\/figure><div class=\"wp-block-media-text__content\">\n<p class=\"has-text-align-left\" style=\"font-size:21px\"><strong><span style=\"color:#a31201\" class=\"has-inline-color\">\u2192 <a rel=\"noreferrer noopener\" href=\"https:\/\/www.marmouzic.org\/index.php\/okalik-le-grand-chasseur-inuit\/\" target=\"_blank\">Okalik, le grand chasseur inuit<\/a><\/span><\/strong><\/p>\n\n\n\n<p class=\"has-text-align-left has-small-font-size\"><strong><span style=\"color:#a31809\" class=\"has-inline-color\">&#8211;&gt; \u00e0 partir de 5 ans<\/span><\/strong><br> <strong><span class=\"has-inline-color has-black-color\">Une aventure myst\u00e9rieuse dans les \u00e9tendues glac\u00e9es de l&rsquo;arctique!<\/span><\/strong><br><strong><span style=\"color:#a31209\" class=\"has-inline-color\"><\/span><\/strong><br>Sila, la vieille conteuse inuit, nous conte avec humour, en chansons, en marionnettes et en film, l&rsquo;histoire de son grand-p\u00e8re qui eut la chance de vivre 2 vies.<br><br><strong>Une conteuse, 2 musiciens, des marionnettes, un film d&rsquo;animation dans un d\u00e9cor inspir\u00e9 de l&rsquo;\u00e9t\u00e9 en Arctique<\/strong><br><\/p>\n<\/div><\/div>\n\n\n\n<div class=\"wp-block-media-text has-media-on-the-right is-stacked-on-mobile\" style=\"grid-template-columns:auto 43%\"><div class=\"wp-block-media-text__content\">\n<p class=\"has-text-align-center\" style=\"font-size:21px\"><strong><span style=\"color:#a31201\" class=\"has-inline-color\">\u2192 <a href=\"https:\/\/www.marmouzic.org\/index.php\/cine-concert-inuit-pour-petites-chouettes\/\">Cin\u00e9-Concert Inuit pour petites chouettes<\/a><\/span><\/strong><span style=\"color:#a31201\" class=\"has-inline-color\"><\/span><\/p>\n\n\n\n<p class=\"has-text-align-left has-small-font-size\"><mark style=\"background-color:rgba(0, 0, 0, 0);color:#a31809\" class=\"has-inline-color\">&#8211;> <strong>\u00e0 partir de 2 ans<\/strong><\/mark><br><strong>Cin\u00e9ma inuit, musique vivante et conte.<\/strong><br><br>Un voyage en Cin\u00e9-Concert dans le monde \u00e9tonnant des inuit et du Grand Nord avec <strong>4 petits films d&rsquo;animation inuit, une chanteuse\/conteuse, un musicien et de petites marionnettes<\/strong><br><mark style=\"background-color:rgba(0, 0, 0, 0);color:#a31209\" class=\"has-inline-color\"><\/mark><\/p>\n<\/div><figure class=\"wp-block-media-text__media\"><a href=\"https:\/\/www.marmouzic.org\/index.php\/cine-concert-inuit-pour-petites-chouettes\/\"><img loading=\"lazy\" decoding=\"async\" width=\"700\" height=\"537\" src=\"https:\/\/www.marmouzic.org\/wp-content\/uploads\/2020\/10\/CCInuit-CineConcert.jpg\" alt=\"\" class=\"wp-image-1472 size-full\" srcset=\"https:\/\/www.marmouzic.org\/wp-content\/uploads\/2020\/10\/CCInuit-CineConcert.jpg 700w, https:\/\/www.marmouzic.org\/wp-content\/uploads\/2020\/10\/CCInuit-CineConcert-300x230.jpg 300w\" sizes=\"auto, (max-width: 700px) 100vw, 700px\" \/><\/a><\/figure><\/div>\n\n\n\n<div class=\"wp-block-media-text is-stacked-on-mobile\" style=\"grid-template-columns:45% auto\"><figure class=\"wp-block-media-text__media\"><a href=\"https:\/\/www.marmouzic.org\/index.php\/le-voleur-et-la-princesse\/\"><img loading=\"lazy\" decoding=\"async\" width=\"1024\" height=\"768\" src=\"https:\/\/www.marmouzic.org\/wp-content\/uploads\/2020\/04\/marionnettes-sur-tente-1024x768-1.jpg\" alt=\"\" class=\"wp-image-504 size-full\" srcset=\"https:\/\/www.marmouzic.org\/wp-content\/uploads\/2020\/04\/marionnettes-sur-tente-1024x768-1.jpg 1024w, https:\/\/www.marmouzic.org\/wp-content\/uploads\/2020\/04\/marionnettes-sur-tente-1024x768-1-300x225.jpg 300w, https:\/\/www.marmouzic.org\/wp-content\/uploads\/2020\/04\/marionnettes-sur-tente-1024x768-1-768x576.jpg 768w\" sizes=\"auto, (max-width: 1024px) 100vw, 1024px\" \/><\/a><\/figure><div class=\"wp-block-media-text__content\">\n<p class=\"has-text-align-center\" style=\"font-size:21px\"><br><strong><mark style=\"background-color:rgba(0, 0, 0, 0);color:#a31201\" class=\"has-inline-color\">\u2192 Cin\u00e9-Conte <a href=\"https:\/\/www.marmouzic.org\/index.php\/le-voleur-et-la-princesse\/\">Le Voleur et la Princesse<\/a><\/mark><\/strong><\/p>\n\n\n\n<p class=\"has-text-align-left has-small-font-size\"><span style=\"color:#a31201\" class=\"has-inline-color\"><\/span><span style=\"color:#a31809\" class=\"has-inline-color\">&#8211;&gt; <strong><strong>\u00e0 partir de 3 ans<\/strong><\/strong><\/span><br><strong>Un voyage en musique, en images et en conte dans la magie des Mille et Une Nuits.<\/strong><br><br><strong>Le\u00efla, voyageuse et conteuse venue du Bagdad des Mille et une nuits, <\/strong>entra\u00eene le public dans l&rsquo;univers f\u00e9erique des contes orientaux et nous conte l&rsquo;histoire d&rsquo;Ahmed, le c\u00e9l\u00e8bre voleur de Bagdad<br><br><strong>Une com\u00e9dienne, deux musiciens, quelques marionnettes et la version courte du magnifique film  <em>Le voleur de Bagdad <\/em> de 1924.<\/strong><\/p>\n<\/div><\/div>\n\n\n\n<div class=\"wp-block-media-text has-media-on-the-right is-stacked-on-mobile\" style=\"grid-template-columns:auto 45%\"><div class=\"wp-block-media-text__content\">\n<p class=\"has-text-align-center\" style=\"font-size:21px\"><strong><span style=\"color:#a31201\" class=\"has-inline-color\">\u2192 <a href=\"https:\/\/www.marmouzic.org\/index.php\/tire-la-bobinette-et-le-cinema-muet\/\">Tire la Bobinette et le Cin\u00e9ma Muet<\/a><\/span><\/strong><\/p>\n\n\n\n<p class=\"has-text-align-left has-small-font-size\"><mark style=\"background-color:rgba(0, 0, 0, 0);color:#a31201\" class=\"has-inline-color\"><br>&#8211;><\/mark><mark style=\"background-color:rgba(0, 0, 0, 0);color:#a31809\" class=\"has-inline-color\"> <strong><strong>\u00e0 partir de 3 ans<\/strong><\/strong><\/mark><br><strong>Une petite histoire du cin\u00e9ma muet du d\u00e9but du XX\u00e8me si\u00e8cle<\/strong><br><br><strong>Koko le clown<\/strong>, tout droit sorti en chair et en os du premier film de cette s\u00e9rie, entraine les enfants dans une petite histoire du cin\u00e9ma muet <strong>en six courts m\u00e9trages rares et insolites, accompagn\u00e9s en direct par deux musiciens.<\/strong><\/p>\n<\/div><figure class=\"wp-block-media-text__media\"><a href=\"https:\/\/www.marmouzic.org\/index.php\/tire-la-bobinette-et-le-cinema-muet\/\"><img loading=\"lazy\" decoding=\"async\" width=\"1024\" height=\"768\" src=\"https:\/\/www.marmouzic.org\/wp-content\/uploads\/2020\/05\/Bobinette-clown3-1024x768.jpg\" alt=\"\" class=\"wp-image-844 size-full\" srcset=\"https:\/\/www.marmouzic.org\/wp-content\/uploads\/2020\/05\/Bobinette-clown3-1024x768.jpg 1024w, https:\/\/www.marmouzic.org\/wp-content\/uploads\/2020\/05\/Bobinette-clown3-300x225.jpg 300w, https:\/\/www.marmouzic.org\/wp-content\/uploads\/2020\/05\/Bobinette-clown3-768x576.jpg 768w, https:\/\/www.marmouzic.org\/wp-content\/uploads\/2020\/05\/Bobinette-clown3-1536x1152.jpg 1536w, https:\/\/www.marmouzic.org\/wp-content\/uploads\/2020\/05\/Bobinette-clown3-2048x1536.jpg 2048w\" sizes=\"auto, (max-width: 1024px) 100vw, 1024px\" \/><\/a><\/figure><\/div>\n\n\n\n<div class=\"wp-block-media-text is-stacked-on-mobile\" style=\"grid-template-columns:43% auto\"><figure class=\"wp-block-media-text__media\"><a href=\"https:\/\/www.marmouzic.org\/index.php\/voyage-dans-le-grand-nord\/\"><img loading=\"lazy\" decoding=\"async\" width=\"1024\" height=\"722\" src=\"https:\/\/www.marmouzic.org\/wp-content\/uploads\/2020\/11\/Rennes-IMG_1003-pour-site-6-1024x722.jpg\" alt=\"\" class=\"wp-image-1825 size-full\" srcset=\"https:\/\/www.marmouzic.org\/wp-content\/uploads\/2020\/11\/Rennes-IMG_1003-pour-site-6-1024x722.jpg 1024w, https:\/\/www.marmouzic.org\/wp-content\/uploads\/2020\/11\/Rennes-IMG_1003-pour-site-6-300x212.jpg 300w, https:\/\/www.marmouzic.org\/wp-content\/uploads\/2020\/11\/Rennes-IMG_1003-pour-site-6-768x542.jpg 768w, https:\/\/www.marmouzic.org\/wp-content\/uploads\/2020\/11\/Rennes-IMG_1003-pour-site-6.jpg 1412w\" sizes=\"auto, (max-width: 1024px) 100vw, 1024px\" \/><\/a><\/figure><div class=\"wp-block-media-text__content\">\n<p class=\"has-text-align-center\" style=\"font-size:21px\"><strong><span style=\"color:#a31201\" class=\"has-inline-color\">\u2192 <a href=\"https:\/\/www.marmouzic.org\/index.php\/voyage-dans-le-grand-nord\/\">Voyage dans le Grand Nord<\/a><\/span><\/strong><\/p>\n\n\n\n<p class=\"has-text-align-left has-small-font-size\"><strong><span style=\"color:#a31809\" class=\"has-inline-color\">&#8211;&gt; de 2 \u00e0 99 ans et plus&#8230;<\/span><\/strong><br><strong>Une saison culturelle dans l&rsquo;imaginaire du Grand Nord et de la Scandinavie.<\/strong><\/p>\n\n\n\n<p class=\"has-text-align-left has-small-font-size\">Christofer Bjurstr\u00f6m et Catherine Le Flochmoan vous proposent<strong> de d\u00e9dier une saison culturelle \u00e0  la d\u00e9couverte du Grand Nord  inuit et scandinave, <span class=\"has-inline-color has-neve-button-color-color\">\u00e0 travers toute une s\u00e9rie de spectacles et animations destin\u00e9s aux plus jeunes comme aux adultes.<\/span><\/strong><\/p>\n<\/div><\/div>\n\n\n<div\n\t\t\t\n\t\t\tclass=\"so-widget-sow-button so-widget-sow-button-wire-c125f315acd5\"\n\t\t\t\n\t\t><div class=\"ow-button-base ow-button-align-center\"\n>\n\t\t\t<a\n\t\t\t\t\thref=\"https:\/\/www.marmouzic.org\/index.php\/les-spectacles\/\"\n\t\t\t\t\tclass=\"sowb-button ow-icon-placement-top ow-button-hover\" \t>\n\t\t<span>\n\t\t\t<span class=\"sow-icon-ionicons\" data-sow-icon=\"&#xf398;\"\n\t\tstyle=\"color: #000000\" \n\t\taria-hidden=\"true\"><\/span>\n\t\t\tHaut de page\t\t<\/span>\n\t\t\t<\/a>\n\t<\/div>\n<\/div>","protected":false},"excerpt":{"rendered":"<p>\u2192 Livre-Concert \u00ab\u00a0Le Voyage d&rsquo;Hipoll\u00e8ne\u00a0\u00bb &#8211;> \u00e0 partir de 2 ansd&rsquo;apr\u00e8s l&rsquo;album \u00ab\u00a0L&rsquo;Arbre Sans Fin\u00a0\u00bb de Claude Ponti TTT Telerama \u00ab\u00a0On aime \u00e9norm\u00e9ment\u00a0\u00bb Un voyage musical, cin\u00e9matographique, cont\u00e9 et chant\u00e9 dans l&rsquo;univers merveilleux et po\u00e9tique de Claude Ponti. N.B.: Le Livre-CD du spectacle est en vente aupr\u00e8s de la Cie Marmouzic et sur le site&hellip;&nbsp;<a href=\"https:\/\/www.marmouzic.org\/index.php\/les-spectacles\/\" rel=\"bookmark\">Lire la suite &raquo;<span class=\"screen-reader-text\">Les spectacles m\u00ealant musique vivante, cin\u00e9ma et th\u00e9\u00e2tre<\/span><\/a><\/p>\n","protected":false},"author":1,"featured_media":0,"parent":0,"menu_order":0,"comment_status":"closed","ping_status":"closed","template":"","meta":{"neve_meta_sidebar":"right","neve_meta_container":"default","neve_meta_enable_content_width":"on","neve_meta_content_width":70,"neve_meta_title_alignment":"","neve_meta_author_avatar":"","neve_post_elements_order":"","neve_meta_disable_header":"","neve_meta_disable_footer":"","neve_meta_disable_title":"","footnotes":""},"class_list":["post-542","page","type-page","status-publish","hentry"],"featured_image_src":null,"featured_image_src_square":null,"_links":{"self":[{"href":"https:\/\/www.marmouzic.org\/index.php\/wp-json\/wp\/v2\/pages\/542","targetHints":{"allow":["GET"]}}],"collection":[{"href":"https:\/\/www.marmouzic.org\/index.php\/wp-json\/wp\/v2\/pages"}],"about":[{"href":"https:\/\/www.marmouzic.org\/index.php\/wp-json\/wp\/v2\/types\/page"}],"author":[{"embeddable":true,"href":"https:\/\/www.marmouzic.org\/index.php\/wp-json\/wp\/v2\/users\/1"}],"replies":[{"embeddable":true,"href":"https:\/\/www.marmouzic.org\/index.php\/wp-json\/wp\/v2\/comments?post=542"}],"version-history":[{"count":84,"href":"https:\/\/www.marmouzic.org\/index.php\/wp-json\/wp\/v2\/pages\/542\/revisions"}],"predecessor-version":[{"id":6160,"href":"https:\/\/www.marmouzic.org\/index.php\/wp-json\/wp\/v2\/pages\/542\/revisions\/6160"}],"wp:attachment":[{"href":"https:\/\/www.marmouzic.org\/index.php\/wp-json\/wp\/v2\/media?parent=542"}],"curies":[{"name":"wp","href":"https:\/\/api.w.org\/{rel}","templated":true}]}}