{"id":71,"date":"2019-12-15T12:29:28","date_gmt":"2019-12-15T11:29:28","guid":{"rendered":"http:\/\/www.marmouzic.org\/wwz\/?page_id=71"},"modified":"2025-10-30T17:06:23","modified_gmt":"2025-10-30T16:06:23","slug":"les-contes","status":"publish","type":"page","link":"https:\/\/www.marmouzic.org\/index.php\/les-contes\/","title":{"rendered":"Les Contes"},"content":{"rendered":"\n<p><strong><span class=\"has-inline-color has-black-color\">Catherine Le Flochmoan conte \u00e0 la fois <\/span><span style=\"color:#f40606\" class=\"has-inline-color\">pour les enfants <\/span><span class=\"has-inline-color has-nv-dark-bg-color\">et<\/span><span style=\"color:#f40606\" class=\"has-inline-color\"> pour les adultes.<\/span><\/strong><\/p>\n\n\n\n<p class=\"has-background\" style=\"background-color:#547319;font-size:23px\"><strong><span class=\"has-inline-color has-white-color\">Pour les enfants:<\/span><\/strong><\/p>\n\n\n\n<p><strong><mark style=\"background-color:rgba(0, 0, 0, 0)\" class=\"has-inline-color has-nv-dark-bg-color\">Un voyage entre contes traditionnels et chansons inspir\u00e9es de l&rsquo;univers du Grand Nord. C&rsquo;est le voyage auquel Catherine Le Flochmoan vous convie avec ces trois programmes;<\/mark> la conteuse s&rsquo;accompagne \u00e0 la shruti box <\/strong>(Des versions \u00ab\u00a0conte musical\u00a0\u00bb, avec Christofer Bjurstr\u00f6m aux piano\/fl\u00fbtes sont aussi propos\u00e9es).<\/p>\n\n\n\n<p><\/p>\n\n\n\n<div class=\"wp-block-media-text alignwide has-media-on-the-right is-stacked-on-mobile\" style=\"grid-template-columns:auto 36%\"><div class=\"wp-block-media-text__content\">\n<p class=\"has-medium-font-size\"><a href=\"https:\/\/www.marmouzic.org\/index.php\/le-jour-ou-maja-devint-une-etoile\/\"><span class=\"has-inline-color has-neve-link-color-color\"><strong>Le jour o\u00f9 Maja devint une \u00e9toile &#8230;&#8230; <\/strong><br>et autres contes nordiques<\/span><\/a><\/p>\n\n\n\n<p class=\"has-normal-font-size\"><mark style=\"background-color:rgba(0, 0, 0, 0);color:#a31809\" class=\"has-inline-color\"><strong>-&gt; \u00e0 partir de 5 ans<\/strong><\/mark><\/p>\n\n\n\n<p class=\"has-small-font-size\"><strong>Une plong\u00e9e dans l\u2019imaginaire des Contes traditionnels Nordiques peupl\u00e9s d\u2019elfes, de trolls et d\u2019\u00eatres inqui\u00e9tants, avec 3 contes traditionnels issus du r\u00e9pertoire su\u00e9dois et islandais, pour faire voyager petits et grands, dans un univers glac\u00e9, \u00e9trange et mal\u00e9fique\u2026 <\/strong><br><strong>45 minutes entre contes et chansons traditionnelles<\/strong><\/p>\n\n\n\n<p><\/p>\n\n\n\n<p class=\"has-small-font-size\"><mark style=\"background-color:rgba(0, 0, 0, 0)\" class=\"has-inline-color has-nv-c-2-color\"><strong>NB: Ce spectacle est aussi propos\u00e9 en conte musical, avec la participation de Christofer Bjurstr\u00f6m aux piano\/fl\u00fbtes<\/strong><\/mark><\/p>\n<\/div><figure class=\"wp-block-media-text__media\"><a href=\"https:\/\/www.marmouzic.org\/index.php\/le-jour-ou-maja-devint-une-etoile\/\"><img loading=\"lazy\" decoding=\"async\" width=\"1024\" height=\"768\" src=\"https:\/\/www.marmouzic.org\/wp-content\/uploads\/2020\/06\/contes-Maja-1-1024x768.jpg\" alt=\"\" class=\"wp-image-1306 size-full\" srcset=\"https:\/\/www.marmouzic.org\/wp-content\/uploads\/2020\/06\/contes-Maja-1-1024x768.jpg 1024w, https:\/\/www.marmouzic.org\/wp-content\/uploads\/2020\/06\/contes-Maja-1-300x225.jpg 300w, https:\/\/www.marmouzic.org\/wp-content\/uploads\/2020\/06\/contes-Maja-1-768x576.jpg 768w, https:\/\/www.marmouzic.org\/wp-content\/uploads\/2020\/06\/contes-Maja-1-1536x1152.jpg 1536w, https:\/\/www.marmouzic.org\/wp-content\/uploads\/2020\/06\/contes-Maja-1-2048x1536.jpg 2048w\" sizes=\"auto, (max-width: 1024px) 100vw, 1024px\" \/><\/a><\/figure><\/div>\n\n\n\n<div class=\"wp-block-media-text alignwide is-stacked-on-mobile\" style=\"grid-template-columns:28% auto\"><figure class=\"wp-block-media-text__media\"><a href=\"https:\/\/www.marmouzic.org\/index.php\/le-mystere-de-la-femme-phoque\/\" target=\"_blank\" rel=\"noopener noreferrer\"><img loading=\"lazy\" decoding=\"async\" width=\"700\" height=\"730\" src=\"https:\/\/www.marmouzic.org\/wp-content\/uploads\/2020\/11\/femme-phoque-petite-tous-les-spectacles-1.jpg\" alt=\"\" class=\"wp-image-2112 size-full\" srcset=\"https:\/\/www.marmouzic.org\/wp-content\/uploads\/2020\/11\/femme-phoque-petite-tous-les-spectacles-1.jpg 700w, https:\/\/www.marmouzic.org\/wp-content\/uploads\/2020\/11\/femme-phoque-petite-tous-les-spectacles-1-288x300.jpg 288w\" sizes=\"auto, (max-width: 700px) 100vw, 700px\" \/><\/a><\/figure><div class=\"wp-block-media-text__content\">\n<p class=\"has-medium-font-size\"><mark style=\"background-color:rgba(0, 0, 0, 0);color:#25610d\" class=\"has-inline-color\"><a href=\"https:\/\/www.marmouzic.org\/index.php\/le-mystere-de-la-femme-phoque\/\"><strong>Le myst\u00e8re de la femme phoque<\/strong> <br>et autres contes inuit<\/a><\/mark><\/p>\n\n\n\n<p class=\"has-normal-font-size\"><strong><span style=\"color:#a31809\" class=\"has-inline-color\">-&gt; \u00e0 partir de 5 ans<\/span><\/strong><\/p>\n\n\n\n<p class=\"has-small-font-size\"><strong>Tout l\u00e0-haut, dans le Grand Nord arctique, au pays des inuit, la vie est tr\u00e8s rude mais les animaux et leurs esprits savent prot\u00e9ger ceux qui les respectent\u2026<\/strong><br><strong><br>Catherine Le Flochmoan entra\u00eene les enfants, en chansons et en contes, dans les secrets de l\u2019Arctique, \u00e0 travers 3 histoires myst\u00e9rieuses, embl\u00e9matiques de l\u2019imaginaire inuit.<\/strong> <\/p>\n\n\n\n<p class=\"has-nv-dark-bg-color has-text-color has-small-font-size\"><mark style=\"background-color:rgba(0, 0, 0, 0)\" class=\"has-inline-color has-nv-c-2-color\"><br><strong>NB: Ce spectacle est aussi propos\u00e9 en conte musical, avec la participation de Christofer Bjurstr\u00f6m aux piano\/fl\u00fbtes<\/strong><\/mark><\/p>\n<\/div><\/div>\n\n\n\n<p><\/p>\n\n\n\n<div class=\"wp-block-media-text alignwide has-media-on-the-right is-stacked-on-mobile\" style=\"grid-template-columns:auto 42%\"><div class=\"wp-block-media-text__content\">\n<p class=\"has-medium-font-size\"><strong><span style=\"color:#25610d\" class=\"has-inline-color\"><a href=\"https:\/\/www.marmouzic.org\/index.php\/contes-inuit-pour-tout-petits\/\">Contes Inuit pour tout petits<\/a><\/span><\/strong><\/p>\n\n\n\n<p class=\"has-normal-font-size\"><mark style=\"background-color:rgba(0, 0, 0, 0);color:#a31809\" class=\"has-inline-color\">&#8211;<strong>&gt; \u00e0 partir de 3 ans<\/strong><\/mark> <em>(une version pour cr\u00e8che existe aussi)<\/em><\/p>\n\n\n\n<p class=\"has-small-font-size\"><strong>Un voyage dans le Grand Nord arctique pour des tout-petits, avec 3 histoires qui mettent en sc\u00e8ne des animaux. <\/strong><br><strong><br>Sais-tu pourquoi le corbeau est tout noir, pourquoi il y a aujourd\u2019hui le jour et la nuit et comment Itak le petit inuit est devenu un grand chasseur ? <br>3 histoires qui plongent dans l\u2019imaginaire inuit.<\/strong><\/p>\n<\/div><figure class=\"wp-block-media-text__media\"><a href=\"https:\/\/www.marmouzic.org\/index.php\/contes-inuit-pour-tout-petits\/\" target=\"_blank\" rel=\"noopener noreferrer\"><img loading=\"lazy\" decoding=\"async\" width=\"700\" height=\"419\" src=\"https:\/\/www.marmouzic.org\/wp-content\/uploads\/2020\/11\/chouette-2-marionnette.jpg\" alt=\"\" class=\"wp-image-1877 size-full\" srcset=\"https:\/\/www.marmouzic.org\/wp-content\/uploads\/2020\/11\/chouette-2-marionnette.jpg 700w, https:\/\/www.marmouzic.org\/wp-content\/uploads\/2020\/11\/chouette-2-marionnette-300x180.jpg 300w\" sizes=\"auto, (max-width: 700px) 100vw, 700px\" \/><\/a><\/figure><\/div>\n\n\n\n<div class=\"wp-block-columns is-layout-flex wp-container-core-columns-is-layout-9d6595d7 wp-block-columns-is-layout-flex\">\n<div class=\"wp-block-column is-layout-flow wp-block-column-is-layout-flow\">\n<figure class=\"wp-block-image size-large is-resized\"><a href=\"https:\/\/www.marmouzic.org\/index.php\/contes-bretons\/\"><img loading=\"lazy\" decoding=\"async\" width=\"1024\" height=\"681\" src=\"https:\/\/www.marmouzic.org\/wp-content\/uploads\/2025\/10\/Cath-Jerome-conte-2-1024x681.jpg\" alt=\"\" class=\"wp-image-9390\" style=\"width:386px;height:auto\" srcset=\"https:\/\/www.marmouzic.org\/wp-content\/uploads\/2025\/10\/Cath-Jerome-conte-2-1024x681.jpg 1024w, https:\/\/www.marmouzic.org\/wp-content\/uploads\/2025\/10\/Cath-Jerome-conte-2-300x200.jpg 300w, https:\/\/www.marmouzic.org\/wp-content\/uploads\/2025\/10\/Cath-Jerome-conte-2-768x511.jpg 768w, https:\/\/www.marmouzic.org\/wp-content\/uploads\/2025\/10\/Cath-Jerome-conte-2-391x260.jpg 391w, https:\/\/www.marmouzic.org\/wp-content\/uploads\/2025\/10\/Cath-Jerome-conte-2-1536x1022.jpg 1536w, https:\/\/www.marmouzic.org\/wp-content\/uploads\/2025\/10\/Cath-Jerome-conte-2-2048x1363.jpg 2048w, https:\/\/www.marmouzic.org\/wp-content\/uploads\/2025\/10\/Cath-Jerome-conte-2-600x400.jpg 600w, https:\/\/www.marmouzic.org\/wp-content\/uploads\/2025\/10\/Cath-Jerome-conte-2-272x182.jpg 272w\" sizes=\"auto, (max-width: 1024px) 100vw, 1024px\" \/><\/a><\/figure>\n<\/div>\n\n\n\n<div class=\"wp-block-column is-layout-flow wp-block-column-is-layout-flow\">\n<p class=\"has-medium-font-size\"><br><br><br><strong><mark style=\"background-color:rgba(0, 0, 0, 0)\" class=\"has-inline-color has-neve-link-hover-color-color\"><a href=\"https:\/\/www.marmouzic.org\/index.php\/contes-bretons\/\">Contes Bretons <\/a><\/mark><\/strong><br><strong>Des contes traditionnels pour tous les \u00e2ges<\/strong><\/p>\n\n\n\n<p><strong>2 programmes:<\/strong> <mark style=\"background-color:rgba(0, 0, 0, 0);color:#a31809\" class=\"has-inline-color\"><strong>\u00e0 partir de 3 ans<\/strong><\/mark> et <mark style=\"background-color:rgba(0, 0, 0, 0);color:#a31809\" class=\"has-inline-color\"><strong> \u00e0 partir de 5 ans<\/strong><\/mark><\/p>\n\n\n\n<p class=\"has-small-font-size\"><strong>Nous avons choisi des contes bretons issus de la tradition, pour donner aux jeunes auditeurs le plaisir d\u2019histoires ancr\u00e9es dans le terroir breton.<br>Ces contes sont dits en fran\u00e7ais, m\u00eame si des mots en bretons se glissent malicieusement dans la cont\u00e9e.<br><\/strong><br><mark style=\"background-color:rgba(0, 0, 0, 0)\" class=\"has-inline-color has-nv-c-2-color\"><strong>Dans sa cont\u00e9e, Catherine est accompagn\u00e9e par J\u00e9r\u00f4me Soulas \u00e0 l&rsquo;accord\u00e9on<\/strong> (une version avec la conteuse seule est possible.<\/mark><\/p>\n<\/div>\n<\/div>\n\n\n\n<p class=\"has-background\" style=\"background-color:#547319;font-size:23px\"><strong><span class=\"has-inline-color has-white-color\">Pour tous, petits et grands:<\/span><\/strong><\/p>\n\n\n\n<div class=\"wp-block-media-text alignwide is-stacked-on-mobile\" style=\"grid-template-columns:43% auto\"><figure class=\"wp-block-media-text__media\"><a href=\"https:\/\/www.marmouzic.org\/index.php\/le-temps-des-fileuses-creation-2019\/\"><img loading=\"lazy\" decoding=\"async\" width=\"1024\" height=\"683\" src=\"https:\/\/www.marmouzic.org\/wp-content\/uploads\/2022\/10\/DSC_1297-modifieephoto-Thierry-Tanter-1024x683.jpg\" alt=\"\" class=\"wp-image-6081 size-full\" srcset=\"https:\/\/www.marmouzic.org\/wp-content\/uploads\/2022\/10\/DSC_1297-modifieephoto-Thierry-Tanter-1024x683.jpg 1024w, https:\/\/www.marmouzic.org\/wp-content\/uploads\/2022\/10\/DSC_1297-modifieephoto-Thierry-Tanter-300x200.jpg 300w, https:\/\/www.marmouzic.org\/wp-content\/uploads\/2022\/10\/DSC_1297-modifieephoto-Thierry-Tanter-768x512.jpg 768w, https:\/\/www.marmouzic.org\/wp-content\/uploads\/2022\/10\/DSC_1297-modifieephoto-Thierry-Tanter-391x260.jpg 391w, https:\/\/www.marmouzic.org\/wp-content\/uploads\/2022\/10\/DSC_1297-modifieephoto-Thierry-Tanter-1536x1024.jpg 1536w, https:\/\/www.marmouzic.org\/wp-content\/uploads\/2022\/10\/DSC_1297-modifieephoto-Thierry-Tanter-2048x1365.jpg 2048w, https:\/\/www.marmouzic.org\/wp-content\/uploads\/2022\/10\/DSC_1297-modifieephoto-Thierry-Tanter-600x400.jpg 600w, https:\/\/www.marmouzic.org\/wp-content\/uploads\/2022\/10\/DSC_1297-modifieephoto-Thierry-Tanter-930x620.jpg 930w, https:\/\/www.marmouzic.org\/wp-content\/uploads\/2022\/10\/DSC_1297-modifieephoto-Thierry-Tanter-272x182.jpg 272w\" sizes=\"auto, (max-width: 1024px) 100vw, 1024px\" \/><\/a><\/figure><div class=\"wp-block-media-text__content\">\n<p class=\"has-medium-font-size\"><strong><span style=\"color:#25610d\" class=\"has-inline-color\"><a href=\"https:\/\/www.marmouzic.org\/index.php\/le-temps-des-fileuses-creation-2019\/\">Le Temps des fileuses<\/a><\/span><\/strong><\/p>\n\n\n\n<p class=\"has-normal-font-size\"><strong>Une balade cont\u00e9e, musicale et cin\u00e9matographique dans la Bretagne rurale des ann\u00e9es 1930 \u00e0 1950<\/strong><br><br><strong><span style=\"color:#a31809\" class=\"has-inline-color\">-&gt; adultes et enfants \u00e0 partir de 8 ans<\/span><\/strong><\/p>\n\n\n\n<p class=\"has-small-font-size\">La conteuse <mark style=\"background-color:rgba(0, 0, 0, 0)\" class=\"has-inline-color has-black-color\"><strong>Catherine Le Flochmoan<\/strong> et l\u2019accord\u00e9oniste <strong>J\u00e9r\u00f4me Soulas<\/strong> vous entra\u00eenent dans la campagne bretonne du milieu du XX\u00e8me si\u00e8cle, avec <strong>3 contes traditionnels <\/strong>auxquels r\u00e9pondent<strong> 4 court-m\u00e9trages <\/strong>d&rsquo;images d&rsquo;archives, inspir\u00e9s de l&rsquo;univers des contes et des chansons traditionnelles bretonnes. <\/mark><br><mark style=\"background-color:rgba(0, 0, 0, 0)\" class=\"has-inline-color has-black-color\"><em>Avec la collaboration de la Cin\u00e9math\u00e8que de Bretagne<\/em><\/mark><\/p>\n<\/div><\/div>\n\n\n\n<p><\/p>\n\n\n<div\n\t\t\t\n\t\t\tclass=\"so-widget-sow-button so-widget-sow-button-wire-c125f315acd5\"\n\t\t\t\n\t\t><div class=\"ow-button-base ow-button-align-center\"\n>\n\t\t\t<a\n\t\t\t\t\thref=\"https:\/\/www.marmouzic.org\/index.php\/les-contes\/\"\n\t\t\t\t\tclass=\"sowb-button ow-icon-placement-top ow-button-hover\" \t>\n\t\t<span>\n\t\t\t<span class=\"sow-icon-ionicons\" data-sow-icon=\"&#xf398;\"\n\t\tstyle=\"color: #000000\" \n\t\taria-hidden=\"true\"><\/span>\n\t\t\tHaut de page\t\t<\/span>\n\t\t\t<\/a>\n\t<\/div>\n<\/div>\t\t\t\t<style>.so-widget-sow-button-wire-c125f315acd5 .ow-button-base {\n  zoom: 1;\n}\n.so-widget-sow-button-wire-c125f315acd5 .ow-button-base:before {\n  content: '';\n  display: block;\n}\n.so-widget-sow-button-wire-c125f315acd5 .ow-button-base:after {\n  content: '';\n  display: table;\n  clear: both;\n}\n@media (max-width: 780px) {\n  .so-widget-sow-button-wire-c125f315acd5 .ow-button-base.ow-button-align-center {\n    text-align: center;\n  }\n  .so-widget-sow-button-wire-c125f315acd5 .ow-button-base.ow-button-align-center.ow-button-align-justify .sowb-button {\n    display: inline-block;\n  }\n}\n.so-widget-sow-button-wire-c125f315acd5 .ow-button-base .sowb-button {\n  -ms-box-sizing: border-box;\n  -moz-box-sizing: border-box;\n  -webkit-box-sizing: border-box;\n  box-sizing: border-box;\n  -webkit-border-radius: 0.25px;\n  -moz-border-radius: 0.25px;\n  border-radius: 0.25px;\n  background: transparent;\n  border: 2px solid #dd5b5b;\n  color: #dd5b5b !important;\n  font-size: 1.45em;\n  \n  padding: 0.5em;\n  text-shadow: 0 1px 0 rgba(0, 0, 0, 0.05);\n  padding-inline: 1em;\n}\n.so-widget-sow-button-wire-c125f315acd5 .ow-button-base .sowb-button > span {\n  display: flex;\n  justify-content: center;\n}\n.so-widget-sow-button-wire-c125f315acd5 .ow-button-base .sowb-button > span [class^=\"sow-icon-\"] {\n  font-size: 1.3em;\n}\n.so-widget-sow-button-wire-c125f315acd5 .ow-button-base .sowb-button.ow-icon-placement-top > span {\n  flex-direction: column;\n}\n.so-widget-sow-button-wire-c125f315acd5 .ow-button-base .sowb-button.ow-icon-placement-right > span {\n  flex-direction: row-reverse;\n}\n.so-widget-sow-button-wire-c125f315acd5 .ow-button-base .sowb-button.ow-icon-placement-bottom > span {\n  flex-direction: column-reverse;\n}\n.so-widget-sow-button-wire-c125f315acd5 .ow-button-base .sowb-button.ow-icon-placement-left > span {\n  align-items: start;\n}\n.so-widget-sow-button-wire-c125f315acd5 .ow-button-base .sowb-button.ow-button-hover:active,\n.so-widget-sow-button-wire-c125f315acd5 .ow-button-base .sowb-button.ow-button-hover:hover {\n  background: #dd5b5b;\n  border-color: #dd5b5b;\n  color: #ffffff !important;\n}<\/style>\n\t\t\t\t","protected":false},"excerpt":{"rendered":"<p>Catherine Le Flochmoan conte \u00e0 la fois pour les enfants et pour les adultes. Pour les enfants: Un voyage entre contes traditionnels et chansons inspir\u00e9es de l&rsquo;univers du Grand Nord. C&rsquo;est le voyage auquel Catherine Le Flochmoan vous convie avec ces trois programmes; la conteuse s&rsquo;accompagne \u00e0 la shruti box (Des versions \u00ab\u00a0conte musical\u00a0\u00bb, avec&hellip;&nbsp;<a href=\"https:\/\/www.marmouzic.org\/index.php\/les-contes\/\" rel=\"bookmark\">Lire la suite &raquo;<span class=\"screen-reader-text\">Les Contes<\/span><\/a><\/p>\n","protected":false},"author":1,"featured_media":0,"parent":0,"menu_order":0,"comment_status":"closed","ping_status":"closed","template":"","meta":{"neve_meta_sidebar":"right","neve_meta_container":"","neve_meta_enable_content_width":"off","neve_meta_content_width":70,"neve_meta_title_alignment":"","neve_meta_author_avatar":"","neve_post_elements_order":"","neve_meta_disable_header":"","neve_meta_disable_footer":"","neve_meta_disable_title":"","footnotes":""},"class_list":["post-71","page","type-page","status-publish","hentry"],"featured_image_src":null,"featured_image_src_square":null,"_links":{"self":[{"href":"https:\/\/www.marmouzic.org\/index.php\/wp-json\/wp\/v2\/pages\/71","targetHints":{"allow":["GET"]}}],"collection":[{"href":"https:\/\/www.marmouzic.org\/index.php\/wp-json\/wp\/v2\/pages"}],"about":[{"href":"https:\/\/www.marmouzic.org\/index.php\/wp-json\/wp\/v2\/types\/page"}],"author":[{"embeddable":true,"href":"https:\/\/www.marmouzic.org\/index.php\/wp-json\/wp\/v2\/users\/1"}],"replies":[{"embeddable":true,"href":"https:\/\/www.marmouzic.org\/index.php\/wp-json\/wp\/v2\/comments?post=71"}],"version-history":[{"count":53,"href":"https:\/\/www.marmouzic.org\/index.php\/wp-json\/wp\/v2\/pages\/71\/revisions"}],"predecessor-version":[{"id":9397,"href":"https:\/\/www.marmouzic.org\/index.php\/wp-json\/wp\/v2\/pages\/71\/revisions\/9397"}],"wp:attachment":[{"href":"https:\/\/www.marmouzic.org\/index.php\/wp-json\/wp\/v2\/media?parent=71"}],"curies":[{"name":"wp","href":"https:\/\/api.w.org\/{rel}","templated":true}]}}