{"id":9381,"date":"2025-10-30T15:37:05","date_gmt":"2025-10-30T14:37:05","guid":{"rendered":"https:\/\/www.marmouzic.org\/?page_id=9381"},"modified":"2025-10-30T16:29:34","modified_gmt":"2025-10-30T15:29:34","slug":"contes-bretons","status":"publish","type":"page","link":"https:\/\/www.marmouzic.org\/index.php\/contes-bretons\/","title":{"rendered":"Contes bretons en musique ou simplement cont\u00e9s"},"content":{"rendered":"\n<h2 class=\"wp-block-heading\"><mark style=\"background-color:rgba(0, 0, 0, 0);color:#d52916\" class=\"has-inline-color\">Des contes traditionnels pour tous les \u00e2ges<\/mark><\/h2>\n\n\n\n<p><strong>Nous avons choisi des contes bretons issus de la tradition, pour donner aux jeunes auditeurs le plaisir d&rsquo;histoires ancr\u00e9es dans le terroir breton.<br>Ces contes sont dits en fran\u00e7ais, m\u00eame si des mots en bretons se glissent malicieusement dans la cont\u00e9e.<br><br><mark style=\"background-color:rgba(0, 0, 0, 0);color:#bc2b1b\" class=\"has-inline-color\">Dans sa cont\u00e9e, Catherine Le Flochmoan est accompagn\u00e9e par J\u00e9r\u00f4me Soulas \u00e0 l&rsquo;accord\u00e9on et aux objets sonores<\/mark> <\/strong>(une version avec la conteuse seule est \u00e9galement propos\u00e9e).<\/p>\n\n\n\n<p><\/p>\n\n\n\n<p class=\"has-large-font-size\"><strong><mark style=\"background-color:rgba(0, 0, 0, 0);color:#b70e0e\" class=\"has-inline-color\">Pour les plus jeunes, de 3 \u00e0 6 ans<\/mark><\/strong> <strong>&#8211; dur\u00e9e 30 mn<\/strong><\/p>\n\n\n\n<p class=\"has-large-font-size\"><strong><mark style=\"background-color:rgba(0, 0, 0, 0)\" class=\"has-inline-color has-neve-link-hover-color-color\">Killog et la bourse d&rsquo;or<\/mark><\/strong><\/p>\n\n\n\n<p class=\"has-medium-font-size\"><strong><mark style=\"background-color:rgba(0, 0, 0, 0)\" class=\"has-inline-color has-neve-link-color-color\">Comment un jeune coq parviendra \u00e0 r\u00e9cup\u00e9rer la bourse pleine d&rsquo;or qu&rsquo;il a imprudemment donn\u00e9e &#8230;<\/mark><\/strong><br><br><strong>Un jour le jeune coq Killog trouve une bourse pleine d&rsquo;or et l&rsquo;\u00e9change b\u00eatement contre un bon repas. Bien s\u00fbr la fermi\u00e8re refuse ensuite de la lui rendre&#8230;. Qu&rsquo;\u00e0 cela ne tienne, pour r\u00e9cup\u00e9rer sa bourse, Killog n&rsquo;h\u00e9sitera pas \u00e0 demander l&rsquo;aide du loup, du renard et m\u00eame de la rivi\u00e8re.<\/strong><\/p>\n\n\n\n<p class=\"has-large-font-size\"><strong><mark style=\"background-color:rgba(0, 0, 0, 0)\" class=\"has-inline-color has-neve-link-color-color\">Les deux bossus et les Korrigans<\/mark><\/strong><\/p>\n\n\n\n<p><strong><mark style=\"background-color:rgba(0, 0, 0, 0)\" class=\"has-inline-color has-neve-link-color-color\">O\u00f9 il est question de bossus et de Korrigans et de bosses qui apparaissent et disparaissent les nuits de pleine lune&#8230;.<\/mark><\/strong><\/p>\n\n\n\n<p><strong>Tout le monde le sait, il ne faut pas aller dans la for\u00eat les nuits de pleine lune car les Korrigans y chantent et dansent et entra\u00eenent avec eux tous ceux qui s&rsquo;y risquent&#8230; Pour s&rsquo;y \u00eatre aventur\u00e9, le brave Fanch, bossu de son \u00e9tat, y perdra sa bosse avec bonheur tandis que Jean-Marie, bossu lui aussi mais d\u00e9sagr\u00e9able et cupide&#8230;. mais chut\u00a0!<\/strong><br><br><mark style=\"background-color:rgba(0, 0, 0, 0)\" class=\"has-inline-color has-neve-link-color-color\"><strong>Un conte o\u00f9 on chante avec les korrigans<\/strong><\/mark><\/p>\n\n\n\n<h2 class=\"wp-block-heading\"><strong><mark style=\"background-color:rgba(0, 0, 0, 0);color:#b70e0e\" class=\"has-inline-color\">Pour les plus grands, de 5 \u00e0 13 ans<\/mark><\/strong> &#8211; dur\u00e9e: 45mn<\/h2>\n\n\n\n<p><strong><mark style=\"background-color:rgba(0, 0, 0, 0)\" class=\"has-inline-color has-neve-link-color-color\">Avant ce programme de contes pour les plus grands, Catherine Le Flochmoan a choisi de faire une introduction sur la vie en Bretagne il y a longtemps. Elle \u00e9voque ainsi les dures conditions de vie, la mis\u00e8re, l&rsquo;absence d&rsquo;\u00e9lectricit\u00e9, d&rsquo;internet (\u2026) &#8230;. les travaux des champs \u00e0 la force des bras et gr\u00e2ce aux animaux, la vie de la femme entre filage, maison, enfants et lavoir&#8230;.la place de la religion, les f\u00eates et les longues soir\u00e9es au coin du feu o\u00f9 l&rsquo;on se racontait des histoires, pleines d&rsquo;\u00eatre \u00e9tranges mais aussi d&rsquo;hommes et de femmes soumis aux al\u00e9as de la vie&#8230;.<\/mark><\/strong><\/p>\n\n\n\n<p class=\"has-large-font-size\"><strong><mark style=\"background-color:rgba(0, 0, 0, 0)\" class=\"has-inline-color has-neve-link-hover-color-color\">Le tailleur et le diable<\/mark><\/strong><\/p>\n\n\n\n<p class=\"has-medium-font-size\"><strong><mark style=\"background-color:rgba(0, 0, 0, 0)\" class=\"has-inline-color has-neve-link-hover-color-color\">O\u00f9 vous apprendrez la raison pour laquelle les tailleurs ne sont jamais les bienvenus en Enfer&#8230;.<\/mark><\/strong><\/p>\n\n\n\n<p class=\"has-medium-font-size\"><strong>Yannick le tailleur est un peu trop attir\u00e9 par la bouteille. Il en vient ainsi \u00e0 provoquer le Diable en personne\u00a0! Mais la venue d&rsquo;un bouc particuli\u00e8rement m\u00e9chant aura raison de Satan lui-m\u00eame et de tous ses diablotins\u00a0!<\/strong><\/p>\n\n\n\n<p class=\"has-large-font-size\"><strong><mark style=\"background-color:rgba(0, 0, 0, 0)\" class=\"has-inline-color has-neve-link-hover-color-color\">L&rsquo;homme juste<\/mark><\/strong><\/p>\n\n\n\n<p><strong><mark style=\"background-color:rgba(0, 0, 0, 0)\" class=\"has-inline-color has-neve-link-hover-color-color\">O\u00f9 vous apprendrez qui, du Bon Dieu, de St Pierre ou de l&rsquo;Ankou est un homme juste&#8230;.<\/mark><\/strong><\/p>\n\n\n\n<p class=\"has-medium-font-size\"><strong>Louarn, le pauvre paysan veut donner \u00e0 son fils une belle vie\u00a0! Et le mieux pour lui c&rsquo;est de lui trouver pour parrain un homme juste. Sur les rangs, Dieu en personne, St Pierre, le concierge du paradis et m\u00eame l&rsquo;Ankou, la mort chez les bretons&#8230; Pas facile de choisir et, pour finir, l&rsquo;homme juste ne sera pas forc\u00e9ment celui qu&rsquo;on croit&#8230;<\/strong><\/p>\n\n\n\n<p class=\"has-large-font-size\"><strong><mark style=\"background-color:rgba(0, 0, 0, 0)\" class=\"has-inline-color has-neve-link-hover-color-color\">Les deux bossus et les Korrigans<\/mark><\/strong><\/p>\n\n\n\n<p class=\"has-medium-font-size\"><strong><mark style=\"background-color:rgba(0, 0, 0, 0)\" class=\"has-inline-color has-neve-link-hover-color-color\">O\u00f9 il est question de bossus et de Korrigans et de bosses qui apparaissent et disparaissent les nuits de pleine lune&#8230;.<\/mark><\/strong><\/p>\n\n\n\n<p class=\"has-medium-font-size\"><strong>Tout le monde le sait, il ne faut pas aller dans la for\u00eat les nuits de pleine lune car les Korrigans y chantent et dansent et entra\u00eenent avec eux tous ceux qui s&rsquo;y risquent&#8230; Pour s&rsquo;y \u00eatre aventur\u00e9, le brave Fanch, bossu de son \u00e9tat, y perdra sa bosse avec bonheur tandis que Jean-Marie, bossu lui aussi mais d\u00e9sagr\u00e9able et cupide&#8230;. mais chut\u00a0!<\/strong><\/p>\n\n\n\n<p><mark style=\"background-color:rgba(0, 0, 0, 0)\" class=\"has-inline-color has-neve-link-hover-color-color\"><strong>Un conte o\u00f9 on chante avec les korrigans<\/strong><\/mark><\/p>\n\n\n\n<p><\/p>\n","protected":false},"excerpt":{"rendered":"<p>Des contes traditionnels pour tous les \u00e2ges Nous avons choisi des contes bretons issus de la tradition, pour donner aux jeunes auditeurs le plaisir d&rsquo;histoires ancr\u00e9es dans le terroir breton.Ces contes sont dits en fran\u00e7ais, m\u00eame si des mots en bretons se glissent malicieusement dans la cont\u00e9e. Dans sa cont\u00e9e, Catherine Le Flochmoan est accompagn\u00e9e&hellip;&nbsp;<a href=\"https:\/\/www.marmouzic.org\/index.php\/contes-bretons\/\" rel=\"bookmark\">Lire la suite &raquo;<span class=\"screen-reader-text\">Contes bretons en musique ou simplement cont\u00e9s<\/span><\/a><\/p>\n","protected":false},"author":1,"featured_media":0,"parent":0,"menu_order":0,"comment_status":"closed","ping_status":"closed","template":"","meta":{"neve_meta_sidebar":"","neve_meta_container":"","neve_meta_enable_content_width":"","neve_meta_content_width":0,"neve_meta_title_alignment":"","neve_meta_author_avatar":"","neve_post_elements_order":"","neve_meta_disable_header":"","neve_meta_disable_footer":"","neve_meta_disable_title":"","footnotes":""},"class_list":["post-9381","page","type-page","status-publish","hentry"],"featured_image_src":null,"featured_image_src_square":null,"_links":{"self":[{"href":"https:\/\/www.marmouzic.org\/index.php\/wp-json\/wp\/v2\/pages\/9381","targetHints":{"allow":["GET"]}}],"collection":[{"href":"https:\/\/www.marmouzic.org\/index.php\/wp-json\/wp\/v2\/pages"}],"about":[{"href":"https:\/\/www.marmouzic.org\/index.php\/wp-json\/wp\/v2\/types\/page"}],"author":[{"embeddable":true,"href":"https:\/\/www.marmouzic.org\/index.php\/wp-json\/wp\/v2\/users\/1"}],"replies":[{"embeddable":true,"href":"https:\/\/www.marmouzic.org\/index.php\/wp-json\/wp\/v2\/comments?post=9381"}],"version-history":[{"count":2,"href":"https:\/\/www.marmouzic.org\/index.php\/wp-json\/wp\/v2\/pages\/9381\/revisions"}],"predecessor-version":[{"id":9388,"href":"https:\/\/www.marmouzic.org\/index.php\/wp-json\/wp\/v2\/pages\/9381\/revisions\/9388"}],"wp:attachment":[{"href":"https:\/\/www.marmouzic.org\/index.php\/wp-json\/wp\/v2\/media?parent=9381"}],"curies":[{"name":"wp","href":"https:\/\/api.w.org\/{rel}","templated":true}]}}